{"id":716,"date":"2019-03-21T15:06:02","date_gmt":"2019-03-21T15:06:02","guid":{"rendered":"http:\/\/tna.dz\/fr\/?page_id=716"},"modified":"2020-05-30T01:07:27","modified_gmt":"2020-05-30T01:07:27","slug":"nouvelles-productions","status":"publish","type":"page","link":"https:\/\/tna.dz\/fr\/nouvelles-productions\/","title":{"rendered":"Nouvelles Productions"},"content":{"rendered":"<h2 style=\"text-align: left;\"><strong>Arlequin, valet de deux ma\u00eetre<\/strong><strong>s<\/strong><\/h2>\n<p><strong><a href=\"http:\/\/tna.dz\/fr\/wp-content\/uploads\/2019\/07\/AFF-ARLEQUIN-tna-web.jpg\"><img decoding=\"async\" loading=\"lazy\" class=\"alignleft wp-image-958\" src=\"http:\/\/tna.dz\/fr\/wp-content\/uploads\/2019\/07\/AFF-ARLEQUIN-tna-web-211x300.jpg\" alt=\"\" width=\"202\" height=\"287\" srcset=\"https:\/\/tna.dz\/fr\/wp-content\/uploads\/2019\/07\/AFF-ARLEQUIN-tna-web-211x300.jpg 211w, https:\/\/tna.dz\/fr\/wp-content\/uploads\/2019\/07\/AFF-ARLEQUIN-tna-web-768x1093.jpg 768w, https:\/\/tna.dz\/fr\/wp-content\/uploads\/2019\/07\/AFF-ARLEQUIN-tna-web-719x1024.jpg 719w, https:\/\/tna.dz\/fr\/wp-content\/uploads\/2019\/07\/AFF-ARLEQUIN-tna-web.jpg 850w\" sizes=\"(max-width: 202px) 100vw, 202px\" \/><\/a><\/strong><\/p>\n<p>Mise en sc\u00e8ne par ZIANI Cherif Ayad, la pi\u00e8ce de Carlo GOLDONI\u00a0 \u2013 \u00ab\u00a0Le Moli\u00e8re italien \u00bb \u00ab\u00a0Arlequin, valet de deux ma\u00eetres\u00a0\u00bb, d\u2019apr\u00e8s une traduction du dramaturge Abdelkader ALLOULA\u00a0 (1993) est une coproduction du Th\u00e9\u00e2tre national alg\u00e9rien et du Th\u00e9\u00e2tre r\u00e9gional d\u2019Oran.<\/p>\n<p><strong>Arrangement<\/strong> : Mohamed BOURAHLA \/ Assistant m\/s\u00a0: ABBAS Mohamed Islam<br \/>\n<strong>Sc\u00e9nographie et Costumes<\/strong>\u00a0: Arezki LARBI\/ Composition Musicale : Sensabyl BEGHDADI \/ Cr\u00e9ation Lumi\u00e8re : Chaker YAHYAOUI<\/p>\n<p><strong>DISTRIBUTION :<br \/>\n<\/strong><strong>Pantalon\u00a0:<\/strong> Mohamed HA\u00cfMOURr \/ <strong>Lombardi\u00a0<\/strong>: Mahfoudh EL HANI \/\u00a0<strong>Brighella<\/strong>\u00a0: ABBAS\u00a0 Mohamed Islam \/ <strong>Arlequin<\/strong> : Mostefa MERATIA \/\u00a0<strong>Smeraldine<\/strong> : Nesrine BELHADJ \/\u00a0<strong>Silvio<\/strong> : Mohamed El Amine RARA \/\u00a0<strong>Clarisse<\/strong> : Amina BELHOCINE<\/p>\n<p><strong>Florindo<\/strong> : Youcef GOUASMI \/\u00a0<strong>B\u00e9atrice<\/strong> : Fatma BELHAMICI \/\u00a0<strong>Musicien<\/strong> : Sensabyl BEGHDADI \/ <strong>Porteur<\/strong> : Khaled ABDI , <strong>Porteur<\/strong> : Mustapha Chaib<\/p>\n<p><strong>R\u00e9sum\u00e9<\/strong> :<br \/>\nElle reprend, \u00e0 sa fa\u00e7on, l\u2019imbroglio cr\u00e9\u00e9 par la compromission du mariage de Clarisse et de Silvio \u2013 Les enfants du marchand Pantalon et du docteur Lombardi &#8211; par l\u2019annonce par Arlequin de la pr\u00e9sence de son ma\u00eetre Federico, initialement promis \u00e0 Clarisse et consid\u00e9r\u00e9 comme mort. Federico, par ailleurs, est sa s\u0153ur B\u00e9atrice d\u00e9guis\u00e9e en homme , \u00e0 la recherche de son amant Florindo, accus\u00e9 du meurtre de Federico.<br \/>\nCette situation se compliquera du fait qu\u2019Arlequin, serviteur de B\u00e9atrice, entrera au service de Florindo. Il s\u2019ensuivra une s\u00e9rie de quiproquos et de revirements qui provoqueront le rire et feront l\u2019essence du th\u00e9\u00e2tre comique.<br \/>\nCette pi\u00e8ce est \u00e9galement une page de critique sociale qui \u00e9voque le sort des femmes et des domestiques, dont la th\u00e9matique demeure d\u2019actualit\u00e9. Reprise, dans le cadre du th\u00e9\u00e2tre de r\u00e9pertoire, le d\u00e9fi, pour l\u2019\u00e9quipe artistique \u00e9tait, \u00e0 partir d\u2019une approche de l\u2019universalit\u00e9 et du devoir de m\u00e9moire, de r\u00e9aliser une pi\u00e8ce ouverte sur la cr\u00e9ation et la contemporan\u00e9it\u00e9, qui soit un divertissement ayant du sens, c\u2019est-\u00e0-dire qui ne soit ni trivial ni une distraction.<br \/>\n<img decoding=\"async\" loading=\"lazy\" class=\"alignleft wp-image-1481 size-medium\" src=\"http:\/\/tna.dz\/fr\/wp-content\/uploads\/2019\/08\/arlequin-tna-01-300x196.jpg\" alt=\"\" width=\"300\" height=\"196\" srcset=\"https:\/\/tna.dz\/fr\/wp-content\/uploads\/2019\/08\/arlequin-tna-01-300x196.jpg 300w, https:\/\/tna.dz\/fr\/wp-content\/uploads\/2019\/08\/arlequin-tna-01-768x502.jpg 768w, https:\/\/tna.dz\/fr\/wp-content\/uploads\/2019\/08\/arlequin-tna-01.jpg 800w\" sizes=\"(max-width: 300px) 100vw, 300px\" \/> <img decoding=\"async\" loading=\"lazy\" class=\"alignleft wp-image-1482 size-medium\" src=\"http:\/\/tna.dz\/fr\/wp-content\/uploads\/2019\/08\/arlequin-tna-03-300x196.jpg\" alt=\"\" width=\"300\" height=\"196\" srcset=\"https:\/\/tna.dz\/fr\/wp-content\/uploads\/2019\/08\/arlequin-tna-03-300x196.jpg 300w, https:\/\/tna.dz\/fr\/wp-content\/uploads\/2019\/08\/arlequin-tna-03-768x502.jpg 768w, https:\/\/tna.dz\/fr\/wp-content\/uploads\/2019\/08\/arlequin-tna-03.jpg 800w\" sizes=\"(max-width: 300px) 100vw, 300px\" \/><\/p>\n","protected":false},"excerpt":{"rendered":"<p>Arlequin, valet de deux ma\u00eetres Mise en sc\u00e8ne par ZIANI Cherif Ayad, la pi\u00e8ce de Carlo GOLDONI\u00a0 \u2013 \u00ab\u00a0Le Moli\u00e8re italien \u00bb \u00ab\u00a0Arlequin, valet de deux ma\u00eetres\u00a0\u00bb, d\u2019apr\u00e8s une traduction du dramaturge Abdelkader ALLOULA\u00a0 (1993) est une coproduction du Th\u00e9\u00e2tre national alg\u00e9rien et du Th\u00e9\u00e2tre r\u00e9gional d\u2019Oran. Arrangement : Mohamed BOURAHLA \/ Assistant m\/s\u00a0: ABBAS &hellip;<\/p>\n","protected":false},"author":1,"featured_media":0,"parent":0,"menu_order":0,"comment_status":"closed","ping_status":"closed","template":"","meta":{"footnotes":""},"yoast_head":"<!-- This site is optimized with the Yoast SEO plugin v21.2 - https:\/\/yoast.com\/wordpress\/plugins\/seo\/ -->\n<title>Nouvelles Productions - Th\u00e9\u00e2tre national alg\u00e9rien<\/title>\n<meta name=\"description\" content=\"Arlequin, valet de deux ma\u00eetres Mise en sc\u00e8ne par ZIANI Cherif Ayad, la pi\u00e8ce de Carlo GOLDONI\u00a0 \u2013 \u00ab\u00a0Le Moli\u00e8re italien \u00bb \u00ab\u00a0Arlequin, valet de deux\" \/>\n<meta name=\"robots\" content=\"index, follow, max-snippet:-1, max-image-preview:large, max-video-preview:-1\" \/>\n<link rel=\"canonical\" href=\"https:\/\/tna.dz\/fr\/nouvelles-productions\/\" \/>\n<meta property=\"og:locale\" content=\"fr_FR\" \/>\n<meta property=\"og:type\" content=\"article\" \/>\n<meta property=\"og:title\" content=\"Nouvelles Productions - Th\u00e9\u00e2tre national alg\u00e9rien\" \/>\n<meta property=\"og:description\" content=\"Arlequin, valet de deux ma\u00eetres Mise en sc\u00e8ne par ZIANI Cherif Ayad, la pi\u00e8ce de Carlo GOLDONI\u00a0 \u2013 \u00ab\u00a0Le Moli\u00e8re italien \u00bb \u00ab\u00a0Arlequin, valet de deux\" \/>\n<meta property=\"og:url\" content=\"https:\/\/tna.dz\/fr\/nouvelles-productions\/\" \/>\n<meta property=\"og:site_name\" content=\"Th\u00e9\u00e2tre national alg\u00e9rien\" \/>\n<meta property=\"article:modified_time\" content=\"2020-05-30T01:07:27+00:00\" \/>\n<meta property=\"og:image\" content=\"http:\/\/tna.dz\/fr\/wp-content\/uploads\/2019\/07\/AFF-ARLEQUIN-tna-web-211x300.jpg\" \/>\n<meta name=\"twitter:card\" content=\"summary_large_image\" \/>\n<meta name=\"twitter:label1\" content=\"Dur\u00e9e de lecture estim\u00e9e\" \/>\n\t<meta name=\"twitter:data1\" content=\"2 minutes\" \/>\n<script type=\"application\/ld+json\" class=\"yoast-schema-graph\">{\"@context\":\"https:\/\/schema.org\",\"@graph\":[{\"@type\":\"WebPage\",\"@id\":\"https:\/\/tna.dz\/fr\/nouvelles-productions\/\",\"url\":\"https:\/\/tna.dz\/fr\/nouvelles-productions\/\",\"name\":\"Nouvelles Productions - Th\u00e9\u00e2tre national alg\u00e9rien\",\"isPartOf\":{\"@id\":\"https:\/\/tna.dz\/fr\/#website\"},\"datePublished\":\"2019-03-21T15:06:02+00:00\",\"dateModified\":\"2020-05-30T01:07:27+00:00\",\"description\":\"Arlequin, valet de deux ma\u00eetres Mise en sc\u00e8ne par ZIANI Cherif Ayad, la pi\u00e8ce de Carlo GOLDONI\u00a0 \u2013 \u00ab\u00a0Le Moli\u00e8re italien \u00bb \u00ab\u00a0Arlequin, valet de deux\",\"breadcrumb\":{\"@id\":\"https:\/\/tna.dz\/fr\/nouvelles-productions\/#breadcrumb\"},\"inLanguage\":\"fr-FR\",\"potentialAction\":[{\"@type\":\"ReadAction\",\"target\":[\"https:\/\/tna.dz\/fr\/nouvelles-productions\/\"]}]},{\"@type\":\"BreadcrumbList\",\"@id\":\"https:\/\/tna.dz\/fr\/nouvelles-productions\/#breadcrumb\",\"itemListElement\":[{\"@type\":\"ListItem\",\"position\":1,\"name\":\"Accueil\",\"item\":\"https:\/\/tna.dz\/fr\/\"},{\"@type\":\"ListItem\",\"position\":2,\"name\":\"Nouvelles Productions\"}]},{\"@type\":\"WebSite\",\"@id\":\"https:\/\/tna.dz\/fr\/#website\",\"url\":\"https:\/\/tna.dz\/fr\/\",\"name\":\"Th\u00e9\u00e2tre national alg\u00e9rien\",\"description\":\"Th\u00e9\u00e2tre national alg\u00e9rien Mahieddine Bachtarzi\",\"publisher\":{\"@id\":\"https:\/\/tna.dz\/fr\/#organization\"},\"potentialAction\":[{\"@type\":\"SearchAction\",\"target\":{\"@type\":\"EntryPoint\",\"urlTemplate\":\"https:\/\/tna.dz\/fr\/?s={search_term_string}\"},\"query-input\":\"required name=search_term_string\"}],\"inLanguage\":\"fr-FR\"},{\"@type\":\"Organization\",\"@id\":\"https:\/\/tna.dz\/fr\/#organization\",\"name\":\"Le Th\u00e9\u00e2tre national alg\u00e9rien\",\"url\":\"https:\/\/tna.dz\/fr\/\",\"logo\":{\"@type\":\"ImageObject\",\"inLanguage\":\"fr-FR\",\"@id\":\"https:\/\/tna.dz\/fr\/#\/schema\/logo\/image\/\",\"url\":\"https:\/\/www.tna.dz\/fr\/wp-content\/uploads\/2019\/11\/repertoire-tna-2018-2-1.png\",\"contentUrl\":\"https:\/\/www.tna.dz\/fr\/wp-content\/uploads\/2019\/11\/repertoire-tna-2018-2-1.png\",\"width\":200,\"height\":84,\"caption\":\"Le Th\u00e9\u00e2tre national alg\u00e9rien\"},\"image\":{\"@id\":\"https:\/\/tna.dz\/fr\/#\/schema\/logo\/image\/\"}}]}<\/script>\n<!-- \/ Yoast SEO plugin. -->","yoast_head_json":{"title":"Nouvelles Productions - Th\u00e9\u00e2tre national alg\u00e9rien","description":"Arlequin, valet de deux ma\u00eetres Mise en sc\u00e8ne par ZIANI Cherif Ayad, la pi\u00e8ce de Carlo GOLDONI\u00a0 \u2013 \u00ab\u00a0Le Moli\u00e8re italien \u00bb \u00ab\u00a0Arlequin, valet de deux","robots":{"index":"index","follow":"follow","max-snippet":"max-snippet:-1","max-image-preview":"max-image-preview:large","max-video-preview":"max-video-preview:-1"},"canonical":"https:\/\/tna.dz\/fr\/nouvelles-productions\/","og_locale":"fr_FR","og_type":"article","og_title":"Nouvelles Productions - Th\u00e9\u00e2tre national alg\u00e9rien","og_description":"Arlequin, valet de deux ma\u00eetres Mise en sc\u00e8ne par ZIANI Cherif Ayad, la pi\u00e8ce de Carlo GOLDONI\u00a0 \u2013 \u00ab\u00a0Le Moli\u00e8re italien \u00bb \u00ab\u00a0Arlequin, valet de deux","og_url":"https:\/\/tna.dz\/fr\/nouvelles-productions\/","og_site_name":"Th\u00e9\u00e2tre national alg\u00e9rien","article_modified_time":"2020-05-30T01:07:27+00:00","og_image":[{"url":"http:\/\/tna.dz\/fr\/wp-content\/uploads\/2019\/07\/AFF-ARLEQUIN-tna-web-211x300.jpg"}],"twitter_card":"summary_large_image","twitter_misc":{"Dur\u00e9e de lecture estim\u00e9e":"2 minutes"},"schema":{"@context":"https:\/\/schema.org","@graph":[{"@type":"WebPage","@id":"https:\/\/tna.dz\/fr\/nouvelles-productions\/","url":"https:\/\/tna.dz\/fr\/nouvelles-productions\/","name":"Nouvelles Productions - Th\u00e9\u00e2tre national alg\u00e9rien","isPartOf":{"@id":"https:\/\/tna.dz\/fr\/#website"},"datePublished":"2019-03-21T15:06:02+00:00","dateModified":"2020-05-30T01:07:27+00:00","description":"Arlequin, valet de deux ma\u00eetres Mise en sc\u00e8ne par ZIANI Cherif Ayad, la pi\u00e8ce de Carlo GOLDONI\u00a0 \u2013 \u00ab\u00a0Le Moli\u00e8re italien \u00bb \u00ab\u00a0Arlequin, valet de deux","breadcrumb":{"@id":"https:\/\/tna.dz\/fr\/nouvelles-productions\/#breadcrumb"},"inLanguage":"fr-FR","potentialAction":[{"@type":"ReadAction","target":["https:\/\/tna.dz\/fr\/nouvelles-productions\/"]}]},{"@type":"BreadcrumbList","@id":"https:\/\/tna.dz\/fr\/nouvelles-productions\/#breadcrumb","itemListElement":[{"@type":"ListItem","position":1,"name":"Accueil","item":"https:\/\/tna.dz\/fr\/"},{"@type":"ListItem","position":2,"name":"Nouvelles Productions"}]},{"@type":"WebSite","@id":"https:\/\/tna.dz\/fr\/#website","url":"https:\/\/tna.dz\/fr\/","name":"Th\u00e9\u00e2tre national alg\u00e9rien","description":"Th\u00e9\u00e2tre national alg\u00e9rien Mahieddine Bachtarzi","publisher":{"@id":"https:\/\/tna.dz\/fr\/#organization"},"potentialAction":[{"@type":"SearchAction","target":{"@type":"EntryPoint","urlTemplate":"https:\/\/tna.dz\/fr\/?s={search_term_string}"},"query-input":"required name=search_term_string"}],"inLanguage":"fr-FR"},{"@type":"Organization","@id":"https:\/\/tna.dz\/fr\/#organization","name":"Le Th\u00e9\u00e2tre national alg\u00e9rien","url":"https:\/\/tna.dz\/fr\/","logo":{"@type":"ImageObject","inLanguage":"fr-FR","@id":"https:\/\/tna.dz\/fr\/#\/schema\/logo\/image\/","url":"https:\/\/www.tna.dz\/fr\/wp-content\/uploads\/2019\/11\/repertoire-tna-2018-2-1.png","contentUrl":"https:\/\/www.tna.dz\/fr\/wp-content\/uploads\/2019\/11\/repertoire-tna-2018-2-1.png","width":200,"height":84,"caption":"Le Th\u00e9\u00e2tre national alg\u00e9rien"},"image":{"@id":"https:\/\/tna.dz\/fr\/#\/schema\/logo\/image\/"}}]}},"_links":{"self":[{"href":"https:\/\/tna.dz\/fr\/wp-json\/wp\/v2\/pages\/716"}],"collection":[{"href":"https:\/\/tna.dz\/fr\/wp-json\/wp\/v2\/pages"}],"about":[{"href":"https:\/\/tna.dz\/fr\/wp-json\/wp\/v2\/types\/page"}],"author":[{"embeddable":true,"href":"https:\/\/tna.dz\/fr\/wp-json\/wp\/v2\/users\/1"}],"replies":[{"embeddable":true,"href":"https:\/\/tna.dz\/fr\/wp-json\/wp\/v2\/comments?post=716"}],"version-history":[{"count":0,"href":"https:\/\/tna.dz\/fr\/wp-json\/wp\/v2\/pages\/716\/revisions"}],"wp:attachment":[{"href":"https:\/\/tna.dz\/fr\/wp-json\/wp\/v2\/media?parent=716"}],"curies":[{"name":"wp","href":"https:\/\/api.w.org\/{rel}","templated":true}]}}