{"id":728,"date":"2019-03-21T15:25:38","date_gmt":"2019-03-21T15:25:38","guid":{"rendered":"http:\/\/tna.dz\/fr\/?page_id=728"},"modified":"2019-12-05T18:04:22","modified_gmt":"2019-12-05T18:04:22","slug":"espaces-theatre","status":"publish","type":"page","link":"https:\/\/tna.dz\/fr\/espaces-theatre\/","title":{"rendered":"Espaces du TNA"},"content":{"rendered":"<p>Le TNA sugg\u00e8re pour tous les partenaires plusieurs espaces \u00e0 louer, \u00e0 travers des offres sp\u00e9ciaux et des services artistiques professionnelles ainsi sa place strat\u00e9gique au coeur de la capitale. Distribu\u00e9 sur quatre \u00e9tages ainsi qu&rsquo;un hall spacieux et ses arches larges. Le th\u00e9\u00e2tre national alg\u00e9rien a une grande salle de spectacles \u00ab\u00a0Mustapha Kateb\u00a0\u00bb, plus deux autres salles \u00ab\u00a0Abd El Kader Safiri et \u00ab\u00a0Hadj Omar\u00a0\u00bb pour les r\u00e9p\u00e9titions et les petits spectacles.<\/p>\n<p><strong><a href=\"http:\/\/www.tna.dz\/wp-content\/uploads\/2018\/10\/les_espaces_tna_a_louer.pdf\">T\u00e9l\u00e9chargez la fiche technique des espaces de th\u00e9\u00e2tre<\/a><\/strong><\/p>\n<p><strong><a href=\"http:\/\/www.tna.dz\/wp-content\/uploads\/2018\/10\/Espaces_TNA.pdf\">T\u00e9l\u00e9charger le Guide du Th\u00e9\u00e2tre<\/a><\/strong><\/p>\n\n<div class=\"hrf-faq-list\"><article class=\"hrf-entry\" id=\"hrf-entry-1486\">\n                      <h3 class=\"hrf-title close-faq\" data-content-id=\"hrf-content-1486\"><span><\/span>GALLERIE D&rsquo;ART<\/h3>\n                     <div class=\"hrf-content\" id=\"hrf-content-1486\"><p>Espace d\u00e9di\u00e9 aux expositions d&rsquo;arts plastiques attenant \u00e0 la salle hadj Omar, qui donne sur la rue Abderrahmane Djouadi, l&rsquo;ex-Rue de la Lyre, avec deux acc\u00e8s.<\/p>\n<div id='gallery-1' class='gallery galleryid-1486 gallery-columns-2 gallery-size-medium'><figure class='gallery-item'>\n\t\t\t<div class='gallery-icon landscape'>\n\t\t\t\t<a href='https:\/\/tna.dz\/fr\/wp-content\/uploads\/2019\/08\/DSC_9621.jpg'><img width=\"300\" height=\"200\" src=\"https:\/\/tna.dz\/fr\/wp-content\/uploads\/2019\/08\/DSC_9621-300x200.jpg\" class=\"attachment-medium size-medium\" alt=\"\" decoding=\"async\" loading=\"lazy\" srcset=\"https:\/\/tna.dz\/fr\/wp-content\/uploads\/2019\/08\/DSC_9621-300x200.jpg 300w, https:\/\/tna.dz\/fr\/wp-content\/uploads\/2019\/08\/DSC_9621-768x512.jpg 768w, https:\/\/tna.dz\/fr\/wp-content\/uploads\/2019\/08\/DSC_9621.jpg 850w\" sizes=\"(max-width: 300px) 100vw, 300px\" \/><\/a>\n\t\t\t<\/div><\/figure><figure class='gallery-item'>\n\t\t\t<div class='gallery-icon landscape'>\n\t\t\t\t<a href='https:\/\/tna.dz\/fr\/wp-content\/uploads\/2019\/08\/gallerie-01.jpg'><img width=\"300\" height=\"199\" src=\"https:\/\/tna.dz\/fr\/wp-content\/uploads\/2019\/08\/gallerie-01-300x199.jpg\" class=\"attachment-medium size-medium\" alt=\"\" decoding=\"async\" loading=\"lazy\" srcset=\"https:\/\/tna.dz\/fr\/wp-content\/uploads\/2019\/08\/gallerie-01-300x199.jpg 300w, https:\/\/tna.dz\/fr\/wp-content\/uploads\/2019\/08\/gallerie-01-768x510.jpg 768w, https:\/\/tna.dz\/fr\/wp-content\/uploads\/2019\/08\/gallerie-01-310x205.jpg 310w, https:\/\/tna.dz\/fr\/wp-content\/uploads\/2019\/08\/gallerie-01.jpg 850w\" sizes=\"(max-width: 300px) 100vw, 300px\" \/><\/a>\n\t\t\t<\/div><\/figure>\n\t\t<\/div>\n\n<\/div>\n                  <\/article><article class=\"hrf-entry\" id=\"hrf-entry-1490\">\n                      <h3 class=\"hrf-title close-faq\" data-content-id=\"hrf-content-1490\"><span><\/span>LES HALLS D&rsquo;ACCEUIL<\/h3>\n                     <div class=\"hrf-content\" id=\"hrf-content-1490\"><p>Deux halls d&rsquo;accueil pour les expositions avec supports et un Personnel d&rsquo;accueil.<\/p>\n<div id='gallery-2' class='gallery galleryid-1490 gallery-columns-2 gallery-size-medium'><figure class='gallery-item'>\n\t\t\t<div class='gallery-icon landscape'>\n\t\t\t\t<a href='https:\/\/tna.dz\/fr\/wp-content\/uploads\/2019\/08\/hall-tna-01.jpg'><img width=\"300\" height=\"196\" src=\"https:\/\/tna.dz\/fr\/wp-content\/uploads\/2019\/08\/hall-tna-01-300x196.jpg\" class=\"attachment-medium size-medium\" alt=\"\" decoding=\"async\" loading=\"lazy\" srcset=\"https:\/\/tna.dz\/fr\/wp-content\/uploads\/2019\/08\/hall-tna-01-300x196.jpg 300w, https:\/\/tna.dz\/fr\/wp-content\/uploads\/2019\/08\/hall-tna-01-768x502.jpg 768w, https:\/\/tna.dz\/fr\/wp-content\/uploads\/2019\/08\/hall-tna-01.jpg 800w\" sizes=\"(max-width: 300px) 100vw, 300px\" \/><\/a>\n\t\t\t<\/div><\/figure><figure class='gallery-item'>\n\t\t\t<div class='gallery-icon landscape'>\n\t\t\t\t<a href='https:\/\/tna.dz\/fr\/wp-content\/uploads\/2019\/08\/hall-tna-02.jpg'><img width=\"300\" height=\"196\" src=\"https:\/\/tna.dz\/fr\/wp-content\/uploads\/2019\/08\/hall-tna-02-300x196.jpg\" class=\"attachment-medium size-medium\" alt=\"\" decoding=\"async\" loading=\"lazy\" srcset=\"https:\/\/tna.dz\/fr\/wp-content\/uploads\/2019\/08\/hall-tna-02-300x196.jpg 300w, https:\/\/tna.dz\/fr\/wp-content\/uploads\/2019\/08\/hall-tna-02-768x502.jpg 768w, https:\/\/tna.dz\/fr\/wp-content\/uploads\/2019\/08\/hall-tna-02.jpg 800w\" sizes=\"(max-width: 300px) 100vw, 300px\" \/><\/a>\n\t\t\t<\/div><\/figure><figure class='gallery-item'>\n\t\t\t<div class='gallery-icon landscape'>\n\t\t\t\t<a href='https:\/\/tna.dz\/fr\/wp-content\/uploads\/2019\/08\/hall-tna-03.jpg'><img width=\"300\" height=\"196\" src=\"https:\/\/tna.dz\/fr\/wp-content\/uploads\/2019\/08\/hall-tna-03-300x196.jpg\" class=\"attachment-medium size-medium\" alt=\"\" decoding=\"async\" loading=\"lazy\" srcset=\"https:\/\/tna.dz\/fr\/wp-content\/uploads\/2019\/08\/hall-tna-03-300x196.jpg 300w, https:\/\/tna.dz\/fr\/wp-content\/uploads\/2019\/08\/hall-tna-03-768x502.jpg 768w, https:\/\/tna.dz\/fr\/wp-content\/uploads\/2019\/08\/hall-tna-03.jpg 800w\" sizes=\"(max-width: 300px) 100vw, 300px\" \/><\/a>\n\t\t\t<\/div><\/figure><figure class='gallery-item'>\n\t\t\t<div class='gallery-icon landscape'>\n\t\t\t\t<a href='https:\/\/tna.dz\/fr\/wp-content\/uploads\/2019\/08\/hall-tna-04.jpg'><img width=\"300\" height=\"196\" src=\"https:\/\/tna.dz\/fr\/wp-content\/uploads\/2019\/08\/hall-tna-04-300x196.jpg\" class=\"attachment-medium size-medium\" alt=\"\" decoding=\"async\" loading=\"lazy\" srcset=\"https:\/\/tna.dz\/fr\/wp-content\/uploads\/2019\/08\/hall-tna-04-300x196.jpg 300w, https:\/\/tna.dz\/fr\/wp-content\/uploads\/2019\/08\/hall-tna-04-768x502.jpg 768w, https:\/\/tna.dz\/fr\/wp-content\/uploads\/2019\/08\/hall-tna-04.jpg 800w\" sizes=\"(max-width: 300px) 100vw, 300px\" \/><\/a>\n\t\t\t<\/div><\/figure><figure class='gallery-item'>\n\t\t\t<div class='gallery-icon landscape'>\n\t\t\t\t<a href='https:\/\/tna.dz\/fr\/wp-content\/uploads\/2019\/08\/hall-tna-05.jpg'><img width=\"300\" height=\"196\" src=\"https:\/\/tna.dz\/fr\/wp-content\/uploads\/2019\/08\/hall-tna-05-300x196.jpg\" class=\"attachment-medium size-medium\" alt=\"\" decoding=\"async\" loading=\"lazy\" srcset=\"https:\/\/tna.dz\/fr\/wp-content\/uploads\/2019\/08\/hall-tna-05-300x196.jpg 300w, https:\/\/tna.dz\/fr\/wp-content\/uploads\/2019\/08\/hall-tna-05-768x502.jpg 768w, https:\/\/tna.dz\/fr\/wp-content\/uploads\/2019\/08\/hall-tna-05.jpg 800w\" sizes=\"(max-width: 300px) 100vw, 300px\" \/><\/a>\n\t\t\t<\/div><\/figure>\n\t\t<\/div>\n\n<\/div>\n                  <\/article><article class=\"hrf-entry\" id=\"hrf-entry-1496\">\n                      <h3 class=\"hrf-title close-faq\" data-content-id=\"hrf-content-1496\"><span><\/span>SALLE ABDELKADER SAFIRI<\/h3>\n                     <div class=\"hrf-content\" id=\"hrf-content-1496\"><div id='gallery-3' class='gallery galleryid-1496 gallery-columns-3 gallery-size-medium'><figure class='gallery-item'>\n\t\t\t<div class='gallery-icon landscape'>\n\t\t\t\t<a href='https:\/\/tna.dz\/fr\/wp-content\/uploads\/2019\/08\/salle-safiri-tna-1.jpg'><img width=\"300\" height=\"196\" src=\"https:\/\/tna.dz\/fr\/wp-content\/uploads\/2019\/08\/salle-safiri-tna-1-300x196.jpg\" class=\"attachment-medium size-medium\" alt=\"\" decoding=\"async\" loading=\"lazy\" srcset=\"https:\/\/tna.dz\/fr\/wp-content\/uploads\/2019\/08\/salle-safiri-tna-1-300x196.jpg 300w, https:\/\/tna.dz\/fr\/wp-content\/uploads\/2019\/08\/salle-safiri-tna-1-768x502.jpg 768w, https:\/\/tna.dz\/fr\/wp-content\/uploads\/2019\/08\/salle-safiri-tna-1.jpg 800w\" sizes=\"(max-width: 300px) 100vw, 300px\" \/><\/a>\n\t\t\t<\/div><\/figure><figure class='gallery-item'>\n\t\t\t<div class='gallery-icon landscape'>\n\t\t\t\t<a href='https:\/\/tna.dz\/fr\/wp-content\/uploads\/2019\/08\/salle-safiri-tna-2.jpg'><img width=\"300\" height=\"196\" src=\"https:\/\/tna.dz\/fr\/wp-content\/uploads\/2019\/08\/salle-safiri-tna-2-300x196.jpg\" class=\"attachment-medium size-medium\" alt=\"\" decoding=\"async\" loading=\"lazy\" srcset=\"https:\/\/tna.dz\/fr\/wp-content\/uploads\/2019\/08\/salle-safiri-tna-2-300x196.jpg 300w, https:\/\/tna.dz\/fr\/wp-content\/uploads\/2019\/08\/salle-safiri-tna-2-768x502.jpg 768w, https:\/\/tna.dz\/fr\/wp-content\/uploads\/2019\/08\/salle-safiri-tna-2.jpg 800w\" sizes=\"(max-width: 300px) 100vw, 300px\" \/><\/a>\n\t\t\t<\/div><\/figure><figure class='gallery-item'>\n\t\t\t<div class='gallery-icon landscape'>\n\t\t\t\t<a href='https:\/\/tna.dz\/fr\/wp-content\/uploads\/2019\/08\/salle-safiri-tna-3.jpg'><img width=\"300\" height=\"196\" src=\"https:\/\/tna.dz\/fr\/wp-content\/uploads\/2019\/08\/salle-safiri-tna-3-300x196.jpg\" class=\"attachment-medium size-medium\" alt=\"\" decoding=\"async\" loading=\"lazy\" srcset=\"https:\/\/tna.dz\/fr\/wp-content\/uploads\/2019\/08\/salle-safiri-tna-3-300x196.jpg 300w, https:\/\/tna.dz\/fr\/wp-content\/uploads\/2019\/08\/salle-safiri-tna-3-768x502.jpg 768w, https:\/\/tna.dz\/fr\/wp-content\/uploads\/2019\/08\/salle-safiri-tna-3.jpg 800w\" sizes=\"(max-width: 300px) 100vw, 300px\" \/><\/a>\n\t\t\t<\/div><\/figure>\n\t\t<\/div>\n\n<\/div>\n                  <\/article><article class=\"hrf-entry\" id=\"hrf-entry-1500\">\n                      <h3 class=\"hrf-title close-faq\" data-content-id=\"hrf-content-1500\"><span><\/span>SALLE HADJ OMAR<\/h3>\n                     <div class=\"hrf-content\" id=\"hrf-content-1500\"><p><em>Salle et sc\u00e8ne :<\/em><\/p>\n<p>Contenance 84 places assises.<\/p>\n<p>R\u00e9gis sonorisation et \u00e9clairage face \u00e0 la salle avec une installation modulable, face et circulaire<\/p>\n<p>Quatre loges d&rsquo;artistes.<\/p>\n<p><img decoding=\"async\" loading=\"lazy\" class=\"aligncenter wp-image-1501 size-full\" src=\"http:\/\/tna.dz\/fr\/wp-content\/uploads\/2019\/08\/hadj-omar-2.jpg\" alt=\"\" width=\"850\" height=\"554\" srcset=\"https:\/\/tna.dz\/fr\/wp-content\/uploads\/2019\/08\/hadj-omar-2.jpg 850w, https:\/\/tna.dz\/fr\/wp-content\/uploads\/2019\/08\/hadj-omar-2-300x196.jpg 300w, https:\/\/tna.dz\/fr\/wp-content\/uploads\/2019\/08\/hadj-omar-2-768x501.jpg 768w\" sizes=\"(max-width: 850px) 100vw, 850px\" \/><\/p>\n<\/div>\n                  <\/article><article class=\"hrf-entry\" id=\"hrf-entry-1502\">\n                      <h3 class=\"hrf-title close-faq\" data-content-id=\"hrf-content-1502\"><span><\/span>SALLE M&rsquo;HAMED BEN GUETTAF<\/h3>\n                     <div class=\"hrf-content\" id=\"hrf-content-1502\"><p>Salle de conf\u00e9rence au deuxi\u00e8me \u00e9tage d&rsquo;une capacit\u00e9 d&rsquo;accueil de 130 places, soutenue par un service de salle tr\u00e8s comp\u00e9tant ainsi qu&rsquo;un service technique, sonorisation, en plus d&rsquo;un grand espace attenant \u00e0 la salle M&rsquo;HAMED BENGUETTAF pour les collations, buffets et r\u00e9ceptions.<\/p>\n<div id='gallery-4' class='gallery galleryid-1502 gallery-columns-2 gallery-size-medium'><figure class='gallery-item'>\n\t\t\t<div class='gallery-icon landscape'>\n\t\t\t\t<a href='https:\/\/tna.dz\/fr\/wp-content\/uploads\/2019\/08\/salle-benguettaf.jpg'><img width=\"300\" height=\"196\" src=\"https:\/\/tna.dz\/fr\/wp-content\/uploads\/2019\/08\/salle-benguettaf-300x196.jpg\" class=\"attachment-medium size-medium\" alt=\"\" decoding=\"async\" loading=\"lazy\" srcset=\"https:\/\/tna.dz\/fr\/wp-content\/uploads\/2019\/08\/salle-benguettaf-300x196.jpg 300w, https:\/\/tna.dz\/fr\/wp-content\/uploads\/2019\/08\/salle-benguettaf-768x502.jpg 768w, https:\/\/tna.dz\/fr\/wp-content\/uploads\/2019\/08\/salle-benguettaf.jpg 800w\" sizes=\"(max-width: 300px) 100vw, 300px\" \/><\/a>\n\t\t\t<\/div><\/figure><figure class='gallery-item'>\n\t\t\t<div class='gallery-icon landscape'>\n\t\t\t\t<a href='https:\/\/tna.dz\/fr\/wp-content\/uploads\/2019\/08\/salle-tna-bg-03.jpg'><img width=\"300\" height=\"196\" src=\"https:\/\/tna.dz\/fr\/wp-content\/uploads\/2019\/08\/salle-tna-bg-03-300x196.jpg\" class=\"attachment-medium size-medium\" alt=\"\" decoding=\"async\" loading=\"lazy\" srcset=\"https:\/\/tna.dz\/fr\/wp-content\/uploads\/2019\/08\/salle-tna-bg-03-300x196.jpg 300w, https:\/\/tna.dz\/fr\/wp-content\/uploads\/2019\/08\/salle-tna-bg-03-768x502.jpg 768w, https:\/\/tna.dz\/fr\/wp-content\/uploads\/2019\/08\/salle-tna-bg-03.jpg 800w\" sizes=\"(max-width: 300px) 100vw, 300px\" \/><\/a>\n\t\t\t<\/div><\/figure>\n\t\t<\/div>\n\n<\/div>\n                  <\/article><article class=\"hrf-entry\" id=\"hrf-entry-1505\">\n                      <h3 class=\"hrf-title close-faq\" data-content-id=\"hrf-content-1505\"><span><\/span>SALLE MUSTAPHA KATEB<\/h3>\n                     <div class=\"hrf-content\" id=\"hrf-content-1505\"><p>Une grande salle de spectacle soutenue par\u00a0:<\/p>\n<p>&#8211; une grande r\u00e9gie son et \u00e9clairage au deuxi\u00e8me balcon face \u00e0 la sc\u00e8ne.<\/p>\n<p>&#8211; Espace V1P avec des loges donnant sur la salle de spectacle.<\/p>\n<p><strong><em>Salle\u00a0:<\/em><\/strong><\/p>\n<p>Contenance 700 places, Orchestre, trois balcons<\/p>\n<p><strong><em>Cage de sc\u00e8ne\u00a0:<\/em><\/strong><\/p>\n<p>Cadre de sc\u00e8ne\u00a0: 9,45 m \/profondeur de sc\u00e8ne\u00a0: 13 m<\/p>\n<p>Avant-sc\u00e8ne\u00a0: 1,50 sur 9,45\/fosse d\u2019orchestre\u00a0: 3,00 m 14,00m<\/p>\n<p>\u00c9quipe de perche \u00e0 syst\u00e8me contrepoids\u00a0: 48 sur cinq plans<\/p>\n<p><strong><em>\u00c9clairages sc\u00e9nique\u00a0:<\/em><\/strong><\/p>\n<p>Pour la salle :<\/p>\n<p>Au 4eme balcon 8 projecteurs 2000 w (convexe)<\/p>\n<p>Au 3eme balcon 12 projecteurs 1000 w (convexe et d\u00e9coupes)<\/p>\n<p>Au 2eme balcon 12 + 10 projecteurs (1000 w convexe et d\u00e9coupes)<\/p>\n<p>Au !er balcon 10 projecteurs 1000 w (convexe et d\u00e9coupes) en Option<\/p>\n<p><strong><em>Pour la sc\u00e8ne\u00a0:<\/em><\/strong><\/p>\n<p>!er perche 8 projecteur 1000 w \/2eme perche 12 projecteurs 1000 w<\/p>\n<p>3eme perche 12 projecteurs 1000 w<\/p>\n<p>4eme perche 10 asym\u00e9trique (lanternes d&rsquo;horizon) de 1000 w<\/p>\n<p>70 lignes a deux kilos chacune sur plateau.<\/p>\n<p>Manipulation par jeu d&rsquo;orgue ph\u00e9nix de marque Adb<\/p>\n<p><strong><em>Syst\u00e8me de diffusion sonore\u00a0:<\/em><\/strong><\/p>\n<p>Table de mixage, console analogique Sound !kraft 40 pistes dont 32 exploitables sur plateau.<\/p>\n<p><strong><em>Puissance\u00a0:<\/em><\/strong><\/p>\n<p>Retour de sc\u00e8ne\u00a0: 5 \/multi effets Yamaha \/\u00e9qualiseurs : 3<\/p>\n<p>Micros sm 58 shure \/micros pj 58\/48 shure \/pieds de micros \/Arri\u00e8re-sc\u00e8ne tr\u00e8s spacieuse permettant pose de petits et grands d\u00e9cors, ainsi que des loges pour artistes au nombre de six loges avec diff\u00e9rents commodit\u00e9s.<\/p>\n<div id='gallery-5' class='gallery galleryid-1505 gallery-columns-2 gallery-size-medium'><figure class='gallery-item'>\n\t\t\t<div class='gallery-icon landscape'>\n\t\t\t\t<a href='https:\/\/tna.dz\/fr\/wp-content\/uploads\/2019\/08\/balcons-m-kateb-02.jpg'><img width=\"300\" height=\"196\" src=\"https:\/\/tna.dz\/fr\/wp-content\/uploads\/2019\/08\/balcons-m-kateb-02-300x196.jpg\" class=\"attachment-medium size-medium\" alt=\"\" decoding=\"async\" loading=\"lazy\" srcset=\"https:\/\/tna.dz\/fr\/wp-content\/uploads\/2019\/08\/balcons-m-kateb-02-300x196.jpg 300w, https:\/\/tna.dz\/fr\/wp-content\/uploads\/2019\/08\/balcons-m-kateb-02-768x502.jpg 768w, https:\/\/tna.dz\/fr\/wp-content\/uploads\/2019\/08\/balcons-m-kateb-02.jpg 800w\" sizes=\"(max-width: 300px) 100vw, 300px\" \/><\/a>\n\t\t\t<\/div><\/figure><figure class='gallery-item'>\n\t\t\t<div class='gallery-icon landscape'>\n\t\t\t\t<a href='https:\/\/tna.dz\/fr\/wp-content\/uploads\/2019\/08\/salle-m-kateb-02.jpg'><img width=\"300\" height=\"196\" src=\"https:\/\/tna.dz\/fr\/wp-content\/uploads\/2019\/08\/salle-m-kateb-02-300x196.jpg\" class=\"attachment-medium size-medium\" alt=\"\" decoding=\"async\" loading=\"lazy\" srcset=\"https:\/\/tna.dz\/fr\/wp-content\/uploads\/2019\/08\/salle-m-kateb-02-300x196.jpg 300w, https:\/\/tna.dz\/fr\/wp-content\/uploads\/2019\/08\/salle-m-kateb-02-768x502.jpg 768w, https:\/\/tna.dz\/fr\/wp-content\/uploads\/2019\/08\/salle-m-kateb-02.jpg 800w\" sizes=\"(max-width: 300px) 100vw, 300px\" \/><\/a>\n\t\t\t<\/div><\/figure><figure class='gallery-item'>\n\t\t\t<div class='gallery-icon landscape'>\n\t\t\t\t<a href='https:\/\/tna.dz\/fr\/wp-content\/uploads\/2019\/08\/salle-m-kateb-03.jpg'><img width=\"300\" height=\"196\" src=\"https:\/\/tna.dz\/fr\/wp-content\/uploads\/2019\/08\/salle-m-kateb-03-300x196.jpg\" class=\"attachment-medium size-medium\" alt=\"\" decoding=\"async\" loading=\"lazy\" srcset=\"https:\/\/tna.dz\/fr\/wp-content\/uploads\/2019\/08\/salle-m-kateb-03-300x196.jpg 300w, https:\/\/tna.dz\/fr\/wp-content\/uploads\/2019\/08\/salle-m-kateb-03.jpg 658w\" sizes=\"(max-width: 300px) 100vw, 300px\" \/><\/a>\n\t\t\t<\/div><\/figure><figure class='gallery-item'>\n\t\t\t<div class='gallery-icon landscape'>\n\t\t\t\t<a href='https:\/\/tna.dz\/fr\/wp-content\/uploads\/2019\/08\/salle-mustapha-kateb.jpg'><img width=\"300\" height=\"196\" src=\"https:\/\/tna.dz\/fr\/wp-content\/uploads\/2019\/08\/salle-mustapha-kateb-300x196.jpg\" class=\"attachment-medium size-medium\" alt=\"\" decoding=\"async\" loading=\"lazy\" srcset=\"https:\/\/tna.dz\/fr\/wp-content\/uploads\/2019\/08\/salle-mustapha-kateb-300x196.jpg 300w, https:\/\/tna.dz\/fr\/wp-content\/uploads\/2019\/08\/salle-mustapha-kateb-768x502.jpg 768w, https:\/\/tna.dz\/fr\/wp-content\/uploads\/2019\/08\/salle-mustapha-kateb.jpg 800w\" sizes=\"(max-width: 300px) 100vw, 300px\" \/><\/a>\n\t\t\t<\/div><\/figure>\n\t\t<\/div>\n\n<\/div>\n                  <\/article><article style = \"display:block;text-align:right; font-size:11px\">Powered by <a href=\"https:\/\/websitebuilderguide.com\/wp-plugins\/html5-responsive-faq-plugin-for-wordpress\/\" target=\"_blank\">HTML5 Responsive FAQ<\/a><\/article><\/div><!-- HRF v 2.8.4 -->\n<p>&nbsp;<\/p>\n<p>Contactez-nous: + 213 21 71 76 07<br \/>\nComplexe: 213 21 71 75 75 Bureau 119<br \/>\nDemandez les tarifs de location d&rsquo;espace s\u00e9lectionn\u00e9s:<\/p>\n\n<div class=\"wpcf7 no-js\" id=\"wpcf7-f1730-o1\" lang=\"fr-FR\" dir=\"ltr\">\n<div class=\"screen-reader-response\"><p role=\"status\" aria-live=\"polite\" aria-atomic=\"true\"><\/p> <ul><\/ul><\/div>\n<form action=\"\/fr\/wp-json\/wp\/v2\/pages\/728#wpcf7-f1730-o1\" method=\"post\" class=\"wpcf7-form init\" aria-label=\"Formulaire de contact\" novalidate=\"novalidate\" data-status=\"init\">\n<div style=\"display: none;\">\n<input type=\"hidden\" name=\"_wpcf7\" value=\"1730\" \/>\n<input type=\"hidden\" name=\"_wpcf7_version\" value=\"5.9.6\" \/>\n<input type=\"hidden\" name=\"_wpcf7_locale\" value=\"fr_FR\" \/>\n<input type=\"hidden\" name=\"_wpcf7_unit_tag\" value=\"wpcf7-f1730-o1\" \/>\n<input type=\"hidden\" name=\"_wpcf7_container_post\" value=\"0\" \/>\n<input type=\"hidden\" name=\"_wpcf7_posted_data_hash\" value=\"\" \/>\n<\/div>\n<p><label> Votre nom (*)<br \/>\n<span class=\"wpcf7-form-control-wrap\" data-name=\"your-name\"><input size=\"40\" maxlength=\"80\" class=\"wpcf7-form-control wpcf7-text wpcf7-validates-as-required\" aria-required=\"true\" aria-invalid=\"false\" value=\"\" type=\"text\" name=\"your-name\" \/><\/span> <\/label>\n<\/p>\n<p><label> Votre adresse de messagerie (*)<br \/>\n<span class=\"wpcf7-form-control-wrap\" data-name=\"your-email\"><input size=\"40\" maxlength=\"80\" class=\"wpcf7-form-control wpcf7-email wpcf7-validates-as-required wpcf7-text wpcf7-validates-as-email\" aria-required=\"true\" aria-invalid=\"false\" value=\"\" type=\"email\" name=\"your-email\" \/><\/span> <\/label>\n<\/p>\n<p><label> Objet<br \/>\n<span class=\"wpcf7-form-control-wrap\" data-name=\"your-subject\"><input size=\"40\" maxlength=\"80\" class=\"wpcf7-form-control wpcf7-text\" aria-invalid=\"false\" value=\"\" type=\"text\" name=\"your-subject\" \/><\/span> <\/label>\n<\/p>\n<p><label> Votre message<br \/>\n<span class=\"wpcf7-form-control-wrap\" data-name=\"your-message\"><textarea cols=\"40\" rows=\"10\" maxlength=\"400\" class=\"wpcf7-form-control wpcf7-textarea\" aria-invalid=\"false\" name=\"your-message\"><\/textarea><\/span> <\/label>\n<\/p>\n<p><input class=\"wpcf7-form-control wpcf7-submit has-spinner\" type=\"submit\" value=\"Envoyer\" \/>\n<\/p><div class=\"wpcf7-response-output\" aria-hidden=\"true\"><\/div>\n<\/form>\n<\/div>\n\n","protected":false},"excerpt":{"rendered":"<p>Une grande salle de spectacle soutenue par\u00a0: &#8211; une grande r\u00e9gie son et \u00e9clairage au deuxi\u00e8me balcon face \u00e0 la sc\u00e8ne. &#8211; Espace V1P avec des loges donnant sur la salle de spectacle. Salle\u00a0: Contenance 700 places, Orchestre, trois balcons Cage de sc\u00e8ne\u00a0: Cadre de sc\u00e8ne\u00a0: 9,45 m \/profondeur de sc\u00e8ne\u00a0: 13 m Avant-sc\u00e8ne\u00a0: 1,50 &hellip;<\/p>\n","protected":false},"author":1,"featured_media":0,"parent":0,"menu_order":0,"comment_status":"closed","ping_status":"closed","template":"","meta":{"footnotes":""},"yoast_head":"<!-- This site is optimized with the Yoast SEO plugin v21.2 - https:\/\/yoast.com\/wordpress\/plugins\/seo\/ -->\n<title>Espaces du TNA - Th\u00e9\u00e2tre national alg\u00e9rien<\/title>\n<meta name=\"description\" content=\"Le TNA sugg\u00e8re pour tous les partenaires plusieurs espaces \u00e0 louer, \u00e0 travers des offres sp\u00e9ciaux et des services artistiques professionnelles ainsi sa\" \/>\n<meta name=\"robots\" content=\"index, follow, max-snippet:-1, max-image-preview:large, max-video-preview:-1\" \/>\n<link rel=\"canonical\" href=\"https:\/\/tna.dz\/fr\/espaces-theatre\/\" \/>\n<meta property=\"og:locale\" content=\"fr_FR\" \/>\n<meta property=\"og:type\" content=\"article\" \/>\n<meta property=\"og:title\" content=\"Espaces du TNA - Th\u00e9\u00e2tre national alg\u00e9rien\" \/>\n<meta property=\"og:description\" content=\"Le TNA sugg\u00e8re pour tous les partenaires plusieurs espaces \u00e0 louer, \u00e0 travers des offres sp\u00e9ciaux et des services artistiques professionnelles ainsi sa\" \/>\n<meta property=\"og:url\" content=\"https:\/\/tna.dz\/fr\/espaces-theatre\/\" \/>\n<meta property=\"og:site_name\" content=\"Th\u00e9\u00e2tre national alg\u00e9rien\" \/>\n<meta property=\"article:modified_time\" content=\"2019-12-05T18:04:22+00:00\" \/>\n<meta name=\"twitter:card\" content=\"summary_large_image\" \/>\n<meta name=\"twitter:label1\" content=\"Dur\u00e9e de lecture estim\u00e9e\" \/>\n\t<meta name=\"twitter:data1\" content=\"1 minute\" \/>\n<script type=\"application\/ld+json\" class=\"yoast-schema-graph\">{\"@context\":\"https:\/\/schema.org\",\"@graph\":[{\"@type\":\"WebPage\",\"@id\":\"https:\/\/tna.dz\/fr\/espaces-theatre\/\",\"url\":\"https:\/\/tna.dz\/fr\/espaces-theatre\/\",\"name\":\"Espaces du TNA - Th\u00e9\u00e2tre national alg\u00e9rien\",\"isPartOf\":{\"@id\":\"https:\/\/tna.dz\/fr\/#website\"},\"datePublished\":\"2019-03-21T15:25:38+00:00\",\"dateModified\":\"2019-12-05T18:04:22+00:00\",\"description\":\"Le TNA sugg\u00e8re pour tous les partenaires plusieurs espaces \u00e0 louer, \u00e0 travers des offres sp\u00e9ciaux et des services artistiques professionnelles ainsi sa\",\"breadcrumb\":{\"@id\":\"https:\/\/tna.dz\/fr\/espaces-theatre\/#breadcrumb\"},\"inLanguage\":\"fr-FR\",\"potentialAction\":[{\"@type\":\"ReadAction\",\"target\":[\"https:\/\/tna.dz\/fr\/espaces-theatre\/\"]}]},{\"@type\":\"BreadcrumbList\",\"@id\":\"https:\/\/tna.dz\/fr\/espaces-theatre\/#breadcrumb\",\"itemListElement\":[{\"@type\":\"ListItem\",\"position\":1,\"name\":\"Accueil\",\"item\":\"https:\/\/tna.dz\/fr\/\"},{\"@type\":\"ListItem\",\"position\":2,\"name\":\"Espaces du TNA\"}]},{\"@type\":\"WebSite\",\"@id\":\"https:\/\/tna.dz\/fr\/#website\",\"url\":\"https:\/\/tna.dz\/fr\/\",\"name\":\"Th\u00e9\u00e2tre national alg\u00e9rien\",\"description\":\"Th\u00e9\u00e2tre national alg\u00e9rien Mahieddine Bachtarzi\",\"publisher\":{\"@id\":\"https:\/\/tna.dz\/fr\/#organization\"},\"potentialAction\":[{\"@type\":\"SearchAction\",\"target\":{\"@type\":\"EntryPoint\",\"urlTemplate\":\"https:\/\/tna.dz\/fr\/?s={search_term_string}\"},\"query-input\":\"required name=search_term_string\"}],\"inLanguage\":\"fr-FR\"},{\"@type\":\"Organization\",\"@id\":\"https:\/\/tna.dz\/fr\/#organization\",\"name\":\"Le Th\u00e9\u00e2tre national alg\u00e9rien\",\"url\":\"https:\/\/tna.dz\/fr\/\",\"logo\":{\"@type\":\"ImageObject\",\"inLanguage\":\"fr-FR\",\"@id\":\"https:\/\/tna.dz\/fr\/#\/schema\/logo\/image\/\",\"url\":\"https:\/\/www.tna.dz\/fr\/wp-content\/uploads\/2019\/11\/repertoire-tna-2018-2-1.png\",\"contentUrl\":\"https:\/\/www.tna.dz\/fr\/wp-content\/uploads\/2019\/11\/repertoire-tna-2018-2-1.png\",\"width\":200,\"height\":84,\"caption\":\"Le Th\u00e9\u00e2tre national alg\u00e9rien\"},\"image\":{\"@id\":\"https:\/\/tna.dz\/fr\/#\/schema\/logo\/image\/\"}}]}<\/script>\n<!-- \/ Yoast SEO plugin. -->","yoast_head_json":{"title":"Espaces du TNA - Th\u00e9\u00e2tre national alg\u00e9rien","description":"Le TNA sugg\u00e8re pour tous les partenaires plusieurs espaces \u00e0 louer, \u00e0 travers des offres sp\u00e9ciaux et des services artistiques professionnelles ainsi sa","robots":{"index":"index","follow":"follow","max-snippet":"max-snippet:-1","max-image-preview":"max-image-preview:large","max-video-preview":"max-video-preview:-1"},"canonical":"https:\/\/tna.dz\/fr\/espaces-theatre\/","og_locale":"fr_FR","og_type":"article","og_title":"Espaces du TNA - Th\u00e9\u00e2tre national alg\u00e9rien","og_description":"Le TNA sugg\u00e8re pour tous les partenaires plusieurs espaces \u00e0 louer, \u00e0 travers des offres sp\u00e9ciaux et des services artistiques professionnelles ainsi sa","og_url":"https:\/\/tna.dz\/fr\/espaces-theatre\/","og_site_name":"Th\u00e9\u00e2tre national alg\u00e9rien","article_modified_time":"2019-12-05T18:04:22+00:00","twitter_card":"summary_large_image","twitter_misc":{"Dur\u00e9e de lecture estim\u00e9e":"1 minute"},"schema":{"@context":"https:\/\/schema.org","@graph":[{"@type":"WebPage","@id":"https:\/\/tna.dz\/fr\/espaces-theatre\/","url":"https:\/\/tna.dz\/fr\/espaces-theatre\/","name":"Espaces du TNA - Th\u00e9\u00e2tre national alg\u00e9rien","isPartOf":{"@id":"https:\/\/tna.dz\/fr\/#website"},"datePublished":"2019-03-21T15:25:38+00:00","dateModified":"2019-12-05T18:04:22+00:00","description":"Le TNA sugg\u00e8re pour tous les partenaires plusieurs espaces \u00e0 louer, \u00e0 travers des offres sp\u00e9ciaux et des services artistiques professionnelles ainsi sa","breadcrumb":{"@id":"https:\/\/tna.dz\/fr\/espaces-theatre\/#breadcrumb"},"inLanguage":"fr-FR","potentialAction":[{"@type":"ReadAction","target":["https:\/\/tna.dz\/fr\/espaces-theatre\/"]}]},{"@type":"BreadcrumbList","@id":"https:\/\/tna.dz\/fr\/espaces-theatre\/#breadcrumb","itemListElement":[{"@type":"ListItem","position":1,"name":"Accueil","item":"https:\/\/tna.dz\/fr\/"},{"@type":"ListItem","position":2,"name":"Espaces du TNA"}]},{"@type":"WebSite","@id":"https:\/\/tna.dz\/fr\/#website","url":"https:\/\/tna.dz\/fr\/","name":"Th\u00e9\u00e2tre national alg\u00e9rien","description":"Th\u00e9\u00e2tre national alg\u00e9rien Mahieddine Bachtarzi","publisher":{"@id":"https:\/\/tna.dz\/fr\/#organization"},"potentialAction":[{"@type":"SearchAction","target":{"@type":"EntryPoint","urlTemplate":"https:\/\/tna.dz\/fr\/?s={search_term_string}"},"query-input":"required name=search_term_string"}],"inLanguage":"fr-FR"},{"@type":"Organization","@id":"https:\/\/tna.dz\/fr\/#organization","name":"Le Th\u00e9\u00e2tre national alg\u00e9rien","url":"https:\/\/tna.dz\/fr\/","logo":{"@type":"ImageObject","inLanguage":"fr-FR","@id":"https:\/\/tna.dz\/fr\/#\/schema\/logo\/image\/","url":"https:\/\/www.tna.dz\/fr\/wp-content\/uploads\/2019\/11\/repertoire-tna-2018-2-1.png","contentUrl":"https:\/\/www.tna.dz\/fr\/wp-content\/uploads\/2019\/11\/repertoire-tna-2018-2-1.png","width":200,"height":84,"caption":"Le Th\u00e9\u00e2tre national alg\u00e9rien"},"image":{"@id":"https:\/\/tna.dz\/fr\/#\/schema\/logo\/image\/"}}]}},"_links":{"self":[{"href":"https:\/\/tna.dz\/fr\/wp-json\/wp\/v2\/pages\/728"}],"collection":[{"href":"https:\/\/tna.dz\/fr\/wp-json\/wp\/v2\/pages"}],"about":[{"href":"https:\/\/tna.dz\/fr\/wp-json\/wp\/v2\/types\/page"}],"author":[{"embeddable":true,"href":"https:\/\/tna.dz\/fr\/wp-json\/wp\/v2\/users\/1"}],"replies":[{"embeddable":true,"href":"https:\/\/tna.dz\/fr\/wp-json\/wp\/v2\/comments?post=728"}],"version-history":[{"count":0,"href":"https:\/\/tna.dz\/fr\/wp-json\/wp\/v2\/pages\/728\/revisions"}],"wp:attachment":[{"href":"https:\/\/tna.dz\/fr\/wp-json\/wp\/v2\/media?parent=728"}],"curies":[{"name":"wp","href":"https:\/\/api.w.org\/{rel}","templated":true}]}}