{"id":732,"date":"2019-03-21T15:32:13","date_gmt":"2019-03-21T15:32:13","guid":{"rendered":"http:\/\/tna.dz\/fr\/?page_id=732"},"modified":"2020-12-24T14:43:38","modified_gmt":"2020-12-24T14:43:38","slug":"formation-ateliers","status":"publish","type":"page","link":"https:\/\/tna.dz\/fr\/formation-ateliers\/","title":{"rendered":"Formation \/ Ateliers"},"content":{"rendered":"<p>Formation dans le domaine de l\u2019art du spectacle au profit des amateurs et des passionn\u00e9s du th\u00e9\u00e2tre (adultes et enfants) qui ont l\u2019ambition de d\u00e9velopper leur don, d\u2019int\u00e9grer le monde du 4<sup>\u00e8me<\/sup>\u00a0art et de r\u00e9aliser leur r\u00eave de monter sur les planches.<\/p>\n<p>Cette formation comporte des master class dans les sp\u00e9cialit\u00e9s de l\u2019interpr\u00e9tation et de l\u2019expression corporelle.<\/p>\n<p>Les master class pour les enfants auront lieu le mardi, vendredi et samedi.<\/p>\n<p>Les master class pour les adultes auront lieu le dimanche, mercredi et jeudi.<\/p>\n<p>Les inscriptions seront ouvertes au d\u00e9but du mois de septembre prochain.<\/p>\n<p>Les places sont limit\u00e9es.<\/p>\n<p>Pour toute information se rapprocher de la Direction artistique du Th\u00e9\u00e2tre national alg\u00e9rien.<\/p>\n<hr \/>\n<p>La formation au sein du Th\u00e9\u00e2tre national alg\u00e9rien a connu en 2017 un bond qualitatif avec la concr\u00e9tisation de plusieurs projets.<\/p>\n<p>Le Th\u00e9\u00e2tre national alg\u00e9rien a organis\u00e9 entre le 9 janvier et le 9 mai 2017 une session de formation dans le domaine des arts dramatiques du 1<sup>er<\/sup>\u00a0degr\u00e9, et cette exp\u00e9rience, la premi\u00e8re du genre, fut une atelier multidisciplinaire auquel ont pris part beaucoup d\u2019\u00e9tudiants<\/p>\n<p>En art th\u00e9\u00e2tral et en th\u00e9ories dramatiques et histoire du th\u00e9\u00e2tre. Cette session avait pour objectif la renaissance de la cr\u00e9ation th\u00e9\u00e2trale chez les groupes des personnes activant et la pr\u00e9paration des m\u00e9thodes th\u00e9\u00e2trales capables d\u2019animer et de pratiquer la culture du dialogue et de la communication et encourager ces participants \u00e0 pratiquer le th\u00e9\u00e2tre pour d\u00e9velopper leurs capacit\u00e9s et de multiplier leur exp\u00e9rience afin de former une g\u00e9n\u00e9ration\u00a0 qui enrichit le mouvement th\u00e9\u00e2tral.<\/p>\n<p>Puis il y eut la session initi\u00e9e par le d\u00e9partement artistique du Th\u00e9\u00e2tre national alg\u00e9rien compos\u00e9 des \u00a0professeurs : Djamel Guermi, Haider Benhocine et Mohamed Islam Abbes, et qui a suscit\u00e9 l\u2019a bienveillante adh\u00e9sion de M. Mohammed Yahyaoui, directeur du TNA un bon accueil national et qui a mis \u00e0 leur disposition tous les moyens.<\/p>\n<p>Cette session de quatre mois a \u00e9t\u00e9 marqu\u00e9e par une formation de qualit\u00e9 et a vu la participation d\u2019op\u00e9rateurs. Les encadreurs ont mis l\u2019accent sur la mise \u00e0 niveau des connaissances des stagiaires dans les diff\u00e9rents \u00e9l\u00e9ments des op\u00e9rations th\u00e9\u00e2trales, en leur inculquant les derni\u00e8res techniques de pratiques sc\u00e9niques, \u00e0 travers \u00a0des exercices de concentration et la fa\u00e7on de se d\u00e9placer sur les planches du th\u00e9\u00e2tre et l\u2019harmonie collective, les techniques d\u2019improvisation\u00a0en attendant l\u2019organisation de formations compl\u00e9mentaires sp\u00e9cialis\u00e9es aux autres \u00e9l\u00e9ments de la repr\u00e9sentation th\u00e9\u00e2trale portant sur les images, les actions, les noms, les mots et les sons.<\/p>\n<p>Le programme de formation \u00e9tait vari\u00e9 et n\u2019\u00e9tait pas limit\u00e9 seulement \u00e0 la th\u00e9orie. Un accent a \u00e9t\u00e9 mis sur les exercices pratiques qui occupaient un important volume horaire \u00e0 savoir 3 fois par semaine 3 heures.<\/p>\n<hr \/>\n<div id=\"accordions-2281\" class=\"accordions-2281 accordions\" data-accordions={&quot;lazyLoad&quot;:true,&quot;id&quot;:&quot;2281&quot;,&quot;event&quot;:&quot;click&quot;,&quot;collapsible&quot;:&quot;true&quot;,&quot;heightStyle&quot;:&quot;content&quot;,&quot;animateStyle&quot;:&quot;swing&quot;,&quot;animateDelay&quot;:1000,&quot;navigation&quot;:true,&quot;active&quot;:999,&quot;expandedOther&quot;:&quot;no&quot;}>\r\n                <div id=\"accordions-lazy-2281\" class=\"accordions-lazy\" accordionsId=\"2281\">\r\n                    <\/div>\r\n\r\n    <div class=\"items\"  style=\"display:none\" >\r\n    \r\n            <div post_id=\"2281\" itemcount=\"0\"  header_id=\"header-1572961778673\" id=\"header-1572961778673\" style=\"\" class=\"accordions-head head1572961778673 border-none\" toggle-text=\"\" main-text=\" Am\u00e9lioration des comp\u00e9tences :\">\r\n                                    <span id=\"accordion-icons-1572961778673\" class=\"accordion-icons\">\r\n                        <span class=\"accordion-icon-active accordion-plus\"><i class=\"fa fas fa-chevron-up\"><\/i><\/span>\r\n                        <span class=\"accordion-icon-inactive accordion-minus\"><i class=\"fa fas fa-chevron-down\"><\/i><\/span>\r\n                    <\/span>\r\n                    <span id=\"header-text-1572961778673\" class=\"accordions-head-title\"> Am\u00e9lioration des comp\u00e9tences :<\/span>\r\n                            <\/div>\r\n            <div class=\"accordion-content content1572961778673 \">\r\n                <p>La premi\u00e8re session avait pour objectif l\u2019am\u00e9lioration des comp\u00e9tences des stagiaires dans la pratique th\u00e9\u00e2trale professionnelle et d\u2019am\u00e9liorer la performance de leur d\u00e9veloppement cognitif et technique en ajustant les param\u00e8tres du rythme, des sons, \u00a0l\u2019auto-pr\u00e9paration du th\u00e9\u00e2tre psychologique, l\u2019improvisation interne, ainsi que la langue et le corps dans le th\u00e9\u00e2tre.<\/p>\n<p>Ce stage offre \u00a0aussi l\u2019occasion \u00a0aux professionnels \u00e0 d\u2019autres professionnels int\u00e9ress\u00e9s par le th\u00e9\u00e2tre de s\u2019int\u00e9grer dans la pratique du mouvement sc\u00e9nique sachant que les conditions professionnelles de ceux-ci ont chang\u00e9 sans la pratique th\u00e9\u00e2trale. Ce rendez-vous a \u00e9t\u00e9 l\u2019occasion pour les stagiaires de prendre l\u2019envol dans le ciel du p\u00e8re des arts, de se d\u00e9couvrir \u00a0et de d\u00e9velopper leurs capacit\u00e9s en profitant des programmes particuliers \u00e9labor\u00e9s par des sp\u00e9cialistes et des acad\u00e9miciens.<\/p>\n<p>Le travail, r\u00e9alis\u00e9 par l\u2019\u00e9quipe d\u2019animateurs compos\u00e9e de Soumia Banabdrabou, Hider Benhocine et Mohamed Islam Abbas, a \u00e9t\u00e9 couronn\u00e9 par la pr\u00e9sentation de quatre pi\u00e8ces muettes pr\u00e9sent\u00e9es par sept stagiaires \u00a0le mardi 9 mai 2017 dans la matin\u00e9e \u00e0 la salle Hadj Omar du Th\u00e9\u00e2tre national alg\u00e9rien, suivies avec un grand int\u00e9r\u00eat \u00a0par des sp\u00e9cialistes et les journalistes.<\/p>\n<p>Les stagiaires ont tenu \u00e0 mettre en \u00e9vidence l\u2019apport positif de cette session par rapport \u00e0 l\u2019ensemble de cette premi\u00e8re initiative d\u2019ateliers de formation dans le domaine de l\u2019interpr\u00e9tation des r\u00f4les, l\u2019enrichissement dans le domaine dramatique et th\u00e9\u00e2tral. Les stagiaires, \u00e0 l\u2019unanimit\u00e9, ont soulign\u00e9 que cette session a \u00e9t\u00e9 un pas important dans la voie du professionnalisme du travail th\u00e9\u00e2tral dans tous ses aspects.<\/p>\n            <\/div>\r\n    \r\n            <div post_id=\"2281\" itemcount=\"1\"  header_id=\"header-1572961834807\" id=\"header-1572961834807\" style=\"\" class=\"accordions-head head1572961834807 border-none\" toggle-text=\"\" main-text=\"Formation des com\u00e9diens : une mise \u00e0 niveau :\">\r\n                                    <span id=\"accordion-icons-1572961834807\" class=\"accordion-icons\">\r\n                        <span class=\"accordion-icon-active accordion-plus\"><i class=\"fa fas fa-chevron-up\"><\/i><\/span>\r\n                        <span class=\"accordion-icon-inactive accordion-minus\"><i class=\"fa fas fa-chevron-down\"><\/i><\/span>\r\n                    <\/span>\r\n                    <span id=\"header-text-1572961834807\" class=\"accordions-head-title\">Formation des com\u00e9diens : une mise \u00e0 niveau :<\/span>\r\n                            <\/div>\r\n            <div class=\"accordion-content content1572961834807 \">\r\n                <p>En octobre 2017, l\u2019artiste chevronn\u00e9 El Hadi Ch\u00e9rifa a dirig\u00e9 un atelier d\u2019expression corporelle de mise \u00e0 nouveau en direction de tous les com\u00e9diens du Th\u00e9\u00e2tre national alg\u00e9rien.<\/p>\n<p>Les artistes seront convi\u00e9s \u00e0 prendre part aux nombreux ateliers qui seront programm\u00e9s au cours de la saison th\u00e9\u00e2trale 2017-2018, lesquels auront pour objectif d\u2019am\u00e9liorer leurs capacit\u00e9s corporelles , \u00a0avec \u00a0d\u00e9velopper leurs aptitudes physiques. Ces ateliers seront dirig\u00e9s par El Hadi Cherifa.<\/p>\n            <\/div>\r\n    \r\n            <div post_id=\"2281\" itemcount=\"2\"  header_id=\"header-1572961837595\" id=\"header-1572961837595\" style=\"\" class=\"accordions-head head1572961837595 border-none\" toggle-text=\"\" main-text=\"Un atelier de critique fin d\u00e9cembre :\">\r\n                                    <span id=\"accordion-icons-1572961837595\" class=\"accordion-icons\">\r\n                        <span class=\"accordion-icon-active accordion-plus\"><i class=\"fa fas fa-chevron-up\"><\/i><\/span>\r\n                        <span class=\"accordion-icon-inactive accordion-minus\"><i class=\"fa fas fa-chevron-down\"><\/i><\/span>\r\n                    <\/span>\r\n                    <span id=\"header-text-1572961837595\" class=\"accordions-head-title\">Un atelier de critique fin d\u00e9cembre :<\/span>\r\n                            <\/div>\r\n            <div class=\"accordion-content content1572961837595 \">\r\n                <p>Un atelier consacr\u00e9 \u00e0 la critique th\u00e9\u00e2trale se tiendra au TNA du 23 au 31 d\u00e9cembre 2017. Ces ateliers, en direction des journalistes, des \u00e9tudiants des instituts et des universit\u00e9s et de tous les professionnels, seront encadr\u00e9s par des sp\u00e9cialistes alg\u00e9riens et \u00e9trangers.<\/p>\n<p>L\u2019atelier qui s\u2019intitulera\u00a0<em>L\u2019explication de la critique th\u00e9\u00e2trale de la th\u00e9orie \u00e0 l\u2019application<\/em>\u00a0vise \u00e0 am\u00e9liorer la formation au sein du TNA dans de nouvelles sp\u00e9cialit\u00e9s telles que\u00a0: l\u2019art de l\u2019\u00e9criture th\u00e9\u00e2trale, la sc\u00e9nographie, la r\u00e9alisation th\u00e9\u00e2trale, en plus de l\u2019investissement dans le domaine du \u00a0th\u00e9\u00e2tre sans oublier l\u2019\u00e9tablissement et la structuration des op\u00e9rations de la gestion des projets.<\/p>\n            <\/div>\r\n    <\/div>\r\n\r\n\r\n\r\n            <\/div>\n<p>&nbsp;<\/p>\n<p>&nbsp;<\/p>\n<div id='gallery-1' class='gallery galleryid-732 gallery-columns-2 gallery-size-medium'><figure class='gallery-item'>\n\t\t\t<div class='gallery-icon landscape'>\n\t\t\t\t<a href='https:\/\/tna.dz\/fr\/wp-content\/uploads\/2019\/07\/formation-tna-2.jpg'><img width=\"300\" height=\"196\" src=\"https:\/\/tna.dz\/fr\/wp-content\/uploads\/2019\/07\/formation-tna-2-300x196.jpg\" class=\"attachment-medium size-medium\" alt=\"\" decoding=\"async\" aria-describedby=\"gallery-1-968\" loading=\"lazy\" srcset=\"https:\/\/tna.dz\/fr\/wp-content\/uploads\/2019\/07\/formation-tna-2-300x196.jpg 300w, https:\/\/tna.dz\/fr\/wp-content\/uploads\/2019\/07\/formation-tna-2-768x502.jpg 768w, https:\/\/tna.dz\/fr\/wp-content\/uploads\/2019\/07\/formation-tna-2.jpg 800w\" sizes=\"(max-width: 300px) 100vw, 300px\" \/><\/a>\n\t\t\t<\/div>\n\t\t\t\t<figcaption class='wp-caption-text gallery-caption' id='gallery-1-968'>\n\t\t\t\tFormation tna\n\t\t\t\t<\/figcaption><\/figure><figure class='gallery-item'>\n\t\t\t<div class='gallery-icon landscape'>\n\t\t\t\t<a href='https:\/\/tna.dz\/fr\/wp-content\/uploads\/2019\/07\/formaion-1-tna.jpg'><img width=\"300\" height=\"196\" src=\"https:\/\/tna.dz\/fr\/wp-content\/uploads\/2019\/07\/formaion-1-tna-300x196.jpg\" class=\"attachment-medium size-medium\" alt=\"\" decoding=\"async\" aria-describedby=\"gallery-1-967\" loading=\"lazy\" srcset=\"https:\/\/tna.dz\/fr\/wp-content\/uploads\/2019\/07\/formaion-1-tna-300x196.jpg 300w, https:\/\/tna.dz\/fr\/wp-content\/uploads\/2019\/07\/formaion-1-tna-768x502.jpg 768w, https:\/\/tna.dz\/fr\/wp-content\/uploads\/2019\/07\/formaion-1-tna.jpg 800w\" sizes=\"(max-width: 300px) 100vw, 300px\" \/><\/a>\n\t\t\t<\/div>\n\t\t\t\t<figcaption class='wp-caption-text gallery-caption' id='gallery-1-967'>\n\t\t\t\tFormation tna\n\t\t\t\t<\/figcaption><\/figure>\n\t\t<\/div>\n\n","protected":false},"excerpt":{"rendered":"<p>Formation dans le domaine de l\u2019art du spectacle au profit des amateurs et des passionn\u00e9s du th\u00e9\u00e2tre (adultes et enfants) qui ont l\u2019ambition de d\u00e9velopper leur don, d\u2019int\u00e9grer le monde du 4\u00e8me\u00a0art et de r\u00e9aliser leur r\u00eave de monter sur les planches. Cette formation comporte des master class dans les sp\u00e9cialit\u00e9s de l\u2019interpr\u00e9tation et de &hellip;<\/p>\n","protected":false},"author":1,"featured_media":969,"parent":0,"menu_order":0,"comment_status":"closed","ping_status":"closed","template":"","meta":{"footnotes":""},"yoast_head":"<!-- This site is optimized with the Yoast SEO plugin v21.2 - https:\/\/yoast.com\/wordpress\/plugins\/seo\/ -->\n<title>Formation \/ Ateliers - Th\u00e9\u00e2tre national alg\u00e9rien<\/title>\n<meta name=\"description\" content=\"Formation dans le domaine de l\u2019art du spectacle au profit des amateurs et des passionn\u00e9s du th\u00e9\u00e2tre (adultes et enfants) qui ont l\u2019ambition de d\u00e9velopper\" \/>\n<meta name=\"robots\" content=\"index, follow, max-snippet:-1, max-image-preview:large, max-video-preview:-1\" \/>\n<link rel=\"canonical\" href=\"https:\/\/tna.dz\/fr\/formation-ateliers\/\" \/>\n<meta property=\"og:locale\" content=\"fr_FR\" \/>\n<meta property=\"og:type\" content=\"article\" \/>\n<meta property=\"og:title\" content=\"Formation \/ Ateliers - Th\u00e9\u00e2tre national alg\u00e9rien\" \/>\n<meta property=\"og:description\" content=\"Formation dans le domaine de l\u2019art du spectacle au profit des amateurs et des passionn\u00e9s du th\u00e9\u00e2tre (adultes et enfants) qui ont l\u2019ambition de d\u00e9velopper\" \/>\n<meta property=\"og:url\" content=\"https:\/\/tna.dz\/fr\/formation-ateliers\/\" \/>\n<meta property=\"og:site_name\" content=\"Th\u00e9\u00e2tre national alg\u00e9rien\" \/>\n<meta property=\"article:modified_time\" content=\"2020-12-24T14:43:38+00:00\" \/>\n<meta property=\"og:image\" content=\"https:\/\/tna.dz\/fr\/wp-content\/uploads\/2019\/07\/formation-2-1024x680.jpg\" \/>\n\t<meta property=\"og:image:width\" content=\"1024\" \/>\n\t<meta property=\"og:image:height\" content=\"680\" \/>\n\t<meta property=\"og:image:type\" content=\"image\/jpeg\" \/>\n<meta name=\"twitter:card\" content=\"summary_large_image\" \/>\n<meta name=\"twitter:label1\" content=\"Dur\u00e9e de lecture estim\u00e9e\" \/>\n\t<meta name=\"twitter:data1\" content=\"3 minutes\" \/>\n<script type=\"application\/ld+json\" class=\"yoast-schema-graph\">{\"@context\":\"https:\/\/schema.org\",\"@graph\":[{\"@type\":\"WebPage\",\"@id\":\"https:\/\/tna.dz\/fr\/formation-ateliers\/\",\"url\":\"https:\/\/tna.dz\/fr\/formation-ateliers\/\",\"name\":\"Formation \/ Ateliers - Th\u00e9\u00e2tre national alg\u00e9rien\",\"isPartOf\":{\"@id\":\"https:\/\/tna.dz\/fr\/#website\"},\"datePublished\":\"2019-03-21T15:32:13+00:00\",\"dateModified\":\"2020-12-24T14:43:38+00:00\",\"description\":\"Formation dans le domaine de l\u2019art du spectacle au profit des amateurs et des passionn\u00e9s du th\u00e9\u00e2tre (adultes et enfants) qui ont l\u2019ambition de d\u00e9velopper\",\"breadcrumb\":{\"@id\":\"https:\/\/tna.dz\/fr\/formation-ateliers\/#breadcrumb\"},\"inLanguage\":\"fr-FR\",\"potentialAction\":[{\"@type\":\"ReadAction\",\"target\":[\"https:\/\/tna.dz\/fr\/formation-ateliers\/\"]}]},{\"@type\":\"BreadcrumbList\",\"@id\":\"https:\/\/tna.dz\/fr\/formation-ateliers\/#breadcrumb\",\"itemListElement\":[{\"@type\":\"ListItem\",\"position\":1,\"name\":\"Accueil\",\"item\":\"https:\/\/tna.dz\/fr\/\"},{\"@type\":\"ListItem\",\"position\":2,\"name\":\"Formation \/ Ateliers\"}]},{\"@type\":\"WebSite\",\"@id\":\"https:\/\/tna.dz\/fr\/#website\",\"url\":\"https:\/\/tna.dz\/fr\/\",\"name\":\"Th\u00e9\u00e2tre national alg\u00e9rien\",\"description\":\"Th\u00e9\u00e2tre national alg\u00e9rien Mahieddine Bachtarzi\",\"publisher\":{\"@id\":\"https:\/\/tna.dz\/fr\/#organization\"},\"potentialAction\":[{\"@type\":\"SearchAction\",\"target\":{\"@type\":\"EntryPoint\",\"urlTemplate\":\"https:\/\/tna.dz\/fr\/?s={search_term_string}\"},\"query-input\":\"required name=search_term_string\"}],\"inLanguage\":\"fr-FR\"},{\"@type\":\"Organization\",\"@id\":\"https:\/\/tna.dz\/fr\/#organization\",\"name\":\"Le Th\u00e9\u00e2tre national alg\u00e9rien\",\"url\":\"https:\/\/tna.dz\/fr\/\",\"logo\":{\"@type\":\"ImageObject\",\"inLanguage\":\"fr-FR\",\"@id\":\"https:\/\/tna.dz\/fr\/#\/schema\/logo\/image\/\",\"url\":\"https:\/\/www.tna.dz\/fr\/wp-content\/uploads\/2019\/11\/repertoire-tna-2018-2-1.png\",\"contentUrl\":\"https:\/\/www.tna.dz\/fr\/wp-content\/uploads\/2019\/11\/repertoire-tna-2018-2-1.png\",\"width\":200,\"height\":84,\"caption\":\"Le Th\u00e9\u00e2tre national alg\u00e9rien\"},\"image\":{\"@id\":\"https:\/\/tna.dz\/fr\/#\/schema\/logo\/image\/\"}}]}<\/script>\n<!-- \/ Yoast SEO plugin. -->","yoast_head_json":{"title":"Formation \/ Ateliers - Th\u00e9\u00e2tre national alg\u00e9rien","description":"Formation dans le domaine de l\u2019art du spectacle au profit des amateurs et des passionn\u00e9s du th\u00e9\u00e2tre (adultes et enfants) qui ont l\u2019ambition de d\u00e9velopper","robots":{"index":"index","follow":"follow","max-snippet":"max-snippet:-1","max-image-preview":"max-image-preview:large","max-video-preview":"max-video-preview:-1"},"canonical":"https:\/\/tna.dz\/fr\/formation-ateliers\/","og_locale":"fr_FR","og_type":"article","og_title":"Formation \/ Ateliers - Th\u00e9\u00e2tre national alg\u00e9rien","og_description":"Formation dans le domaine de l\u2019art du spectacle au profit des amateurs et des passionn\u00e9s du th\u00e9\u00e2tre (adultes et enfants) qui ont l\u2019ambition de d\u00e9velopper","og_url":"https:\/\/tna.dz\/fr\/formation-ateliers\/","og_site_name":"Th\u00e9\u00e2tre national alg\u00e9rien","article_modified_time":"2020-12-24T14:43:38+00:00","og_image":[{"width":1024,"height":680,"url":"https:\/\/tna.dz\/fr\/wp-content\/uploads\/2019\/07\/formation-2-1024x680.jpg","type":"image\/jpeg"}],"twitter_card":"summary_large_image","twitter_misc":{"Dur\u00e9e de lecture estim\u00e9e":"3 minutes"},"schema":{"@context":"https:\/\/schema.org","@graph":[{"@type":"WebPage","@id":"https:\/\/tna.dz\/fr\/formation-ateliers\/","url":"https:\/\/tna.dz\/fr\/formation-ateliers\/","name":"Formation \/ Ateliers - Th\u00e9\u00e2tre national alg\u00e9rien","isPartOf":{"@id":"https:\/\/tna.dz\/fr\/#website"},"datePublished":"2019-03-21T15:32:13+00:00","dateModified":"2020-12-24T14:43:38+00:00","description":"Formation dans le domaine de l\u2019art du spectacle au profit des amateurs et des passionn\u00e9s du th\u00e9\u00e2tre (adultes et enfants) qui ont l\u2019ambition de d\u00e9velopper","breadcrumb":{"@id":"https:\/\/tna.dz\/fr\/formation-ateliers\/#breadcrumb"},"inLanguage":"fr-FR","potentialAction":[{"@type":"ReadAction","target":["https:\/\/tna.dz\/fr\/formation-ateliers\/"]}]},{"@type":"BreadcrumbList","@id":"https:\/\/tna.dz\/fr\/formation-ateliers\/#breadcrumb","itemListElement":[{"@type":"ListItem","position":1,"name":"Accueil","item":"https:\/\/tna.dz\/fr\/"},{"@type":"ListItem","position":2,"name":"Formation \/ Ateliers"}]},{"@type":"WebSite","@id":"https:\/\/tna.dz\/fr\/#website","url":"https:\/\/tna.dz\/fr\/","name":"Th\u00e9\u00e2tre national alg\u00e9rien","description":"Th\u00e9\u00e2tre national alg\u00e9rien Mahieddine Bachtarzi","publisher":{"@id":"https:\/\/tna.dz\/fr\/#organization"},"potentialAction":[{"@type":"SearchAction","target":{"@type":"EntryPoint","urlTemplate":"https:\/\/tna.dz\/fr\/?s={search_term_string}"},"query-input":"required name=search_term_string"}],"inLanguage":"fr-FR"},{"@type":"Organization","@id":"https:\/\/tna.dz\/fr\/#organization","name":"Le Th\u00e9\u00e2tre national alg\u00e9rien","url":"https:\/\/tna.dz\/fr\/","logo":{"@type":"ImageObject","inLanguage":"fr-FR","@id":"https:\/\/tna.dz\/fr\/#\/schema\/logo\/image\/","url":"https:\/\/www.tna.dz\/fr\/wp-content\/uploads\/2019\/11\/repertoire-tna-2018-2-1.png","contentUrl":"https:\/\/www.tna.dz\/fr\/wp-content\/uploads\/2019\/11\/repertoire-tna-2018-2-1.png","width":200,"height":84,"caption":"Le Th\u00e9\u00e2tre national alg\u00e9rien"},"image":{"@id":"https:\/\/tna.dz\/fr\/#\/schema\/logo\/image\/"}}]}},"_links":{"self":[{"href":"https:\/\/tna.dz\/fr\/wp-json\/wp\/v2\/pages\/732"}],"collection":[{"href":"https:\/\/tna.dz\/fr\/wp-json\/wp\/v2\/pages"}],"about":[{"href":"https:\/\/tna.dz\/fr\/wp-json\/wp\/v2\/types\/page"}],"author":[{"embeddable":true,"href":"https:\/\/tna.dz\/fr\/wp-json\/wp\/v2\/users\/1"}],"replies":[{"embeddable":true,"href":"https:\/\/tna.dz\/fr\/wp-json\/wp\/v2\/comments?post=732"}],"version-history":[{"count":0,"href":"https:\/\/tna.dz\/fr\/wp-json\/wp\/v2\/pages\/732\/revisions"}],"wp:featuredmedia":[{"embeddable":true,"href":"https:\/\/tna.dz\/fr\/wp-json\/wp\/v2\/media\/969"}],"wp:attachment":[{"href":"https:\/\/tna.dz\/fr\/wp-json\/wp\/v2\/media?parent=732"}],"curies":[{"name":"wp","href":"https:\/\/api.w.org\/{rel}","templated":true}]}}