{"id":755,"date":"2019-03-21T16:36:47","date_gmt":"2019-03-21T16:36:47","guid":{"rendered":"http:\/\/tna.dz\/fr\/?page_id=755"},"modified":"2019-10-07T17:56:55","modified_gmt":"2019-10-07T17:56:55","slug":"les-festivals","status":"publish","type":"page","link":"https:\/\/tna.dz\/fr\/les-festivals\/","title":{"rendered":"Les festivals"},"content":{"rendered":"<p><strong>Les festivit\u00e9s du th\u00e9\u00e2tre alg\u00e9riennes <\/strong><\/p>\n<p>Le th\u00e9\u00e2tre alg\u00e9rien s&rsquo;est beaucoup \u00e9largit et la sc\u00e8ne th\u00e9\u00e2trale ne cesse de s&rsquo;enrichir gr\u00e2ce \u00e0 l&rsquo;intensit\u00e9 des spectacles et la diversification de l&rsquo;activit\u00e9 th\u00e9\u00e2trale, l&rsquo;officialisation de la loi organisant les festivit\u00e9s culturelles a permit \u00e0 son tour l&rsquo;officialisation de 64 festivals de th\u00e9\u00e2tre dans les diff\u00e9rents coins de L\u2019Alg\u00e9rie.<\/p>\n<p>Dans cette page, on va pr\u00e9senter les documents qui couvrent les festivit\u00e9s les plus c\u00e9l\u00e8bres en Alg\u00e9rie.<\/p>\n<p><strong>Les festivals du th\u00e9\u00e2tre en Alg\u00e9rie<\/strong><\/p>\n<p>Le domaine du th\u00e9\u00e2tre en Alg\u00e9rie s\u2019est d\u00e9velopp\u00e9 avec la multiplicit\u00e9 des repr\u00e9sentations, des tourn\u00e9es et des sc\u00e8nes artistiques ce qui a permis d\u2019institutionnaliser un grand nombre de festivals dans plusieurs r\u00e9gions du pays. La pr\u00e9sente fiche technique donne un aper\u00e7u des plus importants.<\/p>\n<p><strong>Le festival national du th\u00e9\u00e2tre professionnel<\/strong><\/p>\n<p>Le festival national du th\u00e9\u00e2tre professionnel a vu le jour en1958 avec le soutien financier du minist\u00e8re de l\u2019Information et de la Culture. Il avait \u00e9t\u00e9 organis\u00e9 quatre \u00e9ditions\u00a0:\u00a0 \u00e0 Alger, Oran, Batna et Annaba.<\/p>\n<p>Avaient particip\u00e9 \u00e0 ce festival, cl\u00f4tur\u00e9 en 1989, le Th\u00e9\u00e2tre National Alg\u00e9riens et les Th\u00e9\u00e2tres r\u00e9gionaux ainsi que des troupes amateurs.<\/p>\n<p>Ce n\u2019est que dix-sept ann\u00e9es plus tard que fut cr\u00e9\u00e9 le Festival national du th\u00e9\u00e2tre sous sa forme actuelle. En 2005, il a \u00e9t\u00e9 institu\u00e9 un Commissariat de ce festival et la premi\u00e8re \u00e9dition a eu lieu du 24 mai au 7 juin 2006. Cette \u00e9dition a vu la participation de 14 troupes en comp\u00e9tition et d\u2019autres en hors comp\u00e9tition dont celles des pays arabes.<\/p>\n<p>Durant la p\u00e9riode s\u2019\u00e9talant de 2006 \u00e0 2017, il y a eu 12 \u00e9ditions. Il est \u00e0 rappeler que le regrett\u00e9 artiste M\u2019Hamed Benguettaf a \u00e9t\u00e9 Commissaire du festival de 2006 \u00e0 2013 et c\u2019est M. Mohamed Benguettaf qui lui a succ\u00e9d\u00e9. Ce dernier est commissaire du festival de 2014 \u00e0 ce jour. Il y a eu des changements importants dans la loi r\u00e9gissant le Festival national du th\u00e9\u00e2tre professionnel\u00a0;<\/p>\n<p>Le <strong>festival national du th\u00e9\u00e2tre scolaire . <\/strong><\/p>\n<p><strong>A ce festival participent les trois cycles scolaires des 48 wilayas.<\/strong><\/p>\n<p>Cet \u00e9v\u00e9nement culturel\u00a0, qui a \u00e9t\u00e9 cr\u00e9\u00e9 en 1992 et la premi\u00e8re \u00e9dition a eu lieu en 1993,\u00a0 vise \u00e0 encourager et perfectionner les talents.<\/p>\n<p>En outre, ce festival, devenu une tradition annuelle, contribue \u00e0 la promotion du th\u00e9\u00e2tre scolaire et \u00e0 la d\u00e9couverte d&rsquo;artistes talentueux en herbe pour les prendre en charge, afin de constituer l&rsquo;avenir de la quatri\u00e8me Art en Alg\u00e9rie\u00a0;<\/p>\n<p>Le programme du festival comprend la pr\u00e9sentation de pi\u00e8ces, des ateliers, des sessions de formation ( l\u2019interpr\u00e9tation, l\u2019\u00e9criture th\u00e9\u00e2trale, la sc\u00e9nographie, la mise en sc\u00e8ne\u2026).<\/p>\n<p><strong>Le festival local professionnel de Sidi Bel-Abb\u00e8s<\/strong><\/p>\n<p>Il y a eu 11 \u00e9ditions \u00e0 ce jour\u00a0; ce festival est domicili\u00e9 \u00e0 Sidi Bel Abb\u00e8s<\/p>\n<p>Ce festival, qui est aussi une pr\u00e9s\u00e9lection pour le Festival national du th\u00e9\u00e2tre professionnel (FNTP), donnera la possibilit\u00e9 \u00e0 une seule troupe de prendre part au FNTP.<\/p>\n<p>le programme de ce festival comporte des spectacles, des activit\u00e9s d\u2019animation dans les communes et dans certaines structures publiques (h\u00f4pitaux, centres de r\u00e9\u00e9ducation, \u00e9coles\u2026).<\/p>\n<p>Le commissaire du festival est Hassen Assous.<\/p>\n<p><strong>Le festival local du th\u00e9\u00e2tre professionnel de Guelma<\/strong><\/p>\n<p>Cr\u00e9\u00e9 en 2007. Entre 2007 et 2016 , il y a eu 10 \u00e9ditions\u00a0? La prochaine \u00e9dition se d\u00e9roulera cette ann\u00e9e\u00a0; Le commissaire du festival est Ali Beraoui.<\/p>\n<p>Au terme de ce festival sont choisies les \u0153uvres\u00a0 qui participent au festival national de th\u00e9\u00e2tre professionnel \u00e0 Alger.<\/p>\n<p><strong>Le Festival national du th\u00e9\u00e2tre amazigh<\/strong><\/p>\n<p>Ce festival a d\u00e9but\u00e9 en 2009 dans la ville de Batna. Il y a eu 9 \u00e9ditions, la derni\u00e8re en d\u00e9cembre 2017 avec 10 repr\u00e9sentations, productions des th\u00e9\u00e2tres r\u00e9gionaux, d\u2019associations et de coop\u00e9ratives th\u00e9\u00e2trales\u00a0 de diff\u00e9rentes r\u00e9gions du pays . L\u2019actuel commissaire est Salim Souhali qui a succ\u00e9d\u00e9 \u00e0 Mohamed Yahiaoui, l\u2019actuel Directeur g\u00e9n\u00e9ral du TNA.<\/p>\n<p>La manifestation donnera lieu \u00e0 une exposition de livres sur la langue tamazight et une journ\u00e9e d\u2019\u00e9tude<\/p>\n<p><strong>Le Festival du th\u00e9\u00e2tre universitaire<\/strong><\/p>\n<p>Cr\u00e9\u00e9 en avril 2000 dans la ville de Batna qui a abrit\u00e9 la premi\u00e8re \u00e9dition \u00e0 laquelle ont particip\u00e9 17 troupes des \u0153uvres sociales et universitaires et qui a vu le premier prix d\u00e9cern\u00e9 \u00e0 la formation \u00ab\u00a0Abdelkader bouadjadj\u00a0\u00bb de l\u2019universit\u00e9 de Sidi Bel -Abb\u00e8s.<\/p>\n<p>Entre 2000 et 2017, il y eut 14 \u00e9ditions entre les villes de Batna, Tizi-Ouzou, Tlemcen, Djelfa, Mascara, Chlef, \u00a0M\u2019Sila, Mostaganem. Outre les repr\u00e9sentations, il y a eu l\u2019organisation d\u2019ateliers d\u2019art dramatique \u00e0 travers plusieurs universit\u00e9s . Le commissaire du festival est le professeur Ismail Bazrane<\/p>\n<p><strong>Les journ\u00e9es th\u00e9\u00e2trales du sud<\/strong><\/p>\n<p>Ces journ\u00e9es ont \u00e9t\u00e9 cr\u00e9\u00e9es en 2008. Elles ont pour but de pr\u00e9senter les diff\u00e9rentes exp\u00e9riences th\u00e9\u00e2trales et de promouvoir le patrimoine populaire local athentique et de faire mieux conna\u00eetre les troupes th\u00e9\u00e2trales du sud.La derni\u00e8re \u00e9dition a eu lieu du 13 au 20 novembre 2015 au TNA.<\/p>\n<p>La premi\u00e8re \u00e9dition a vu la participation de 6 formations et aujourd\u2019hui leur nombre s\u2019\u00e9l\u00e8ve \u00e0 presque 50.<\/p>\n<p>Au programme de ces journ\u00e9es figurent des repr\u00e9sentations th\u00e9\u00e2trales mais aussi des ateliers de formation d&rsquo;acteurs, de metteurs en sc\u00e8ne et d&rsquo;\u00e9clairagistes ainsi que des conf\u00e9rences sur diff\u00e9rentes th\u00e9matiques en relation avec la pratique du 4e art dans le Sud en particulier.<\/p>\n<hr \/>\n<div id='gallery-1' class='gallery galleryid-755 gallery-columns-3 gallery-size-medium'><figure class='gallery-item'>\n\t\t\t<div class='gallery-icon portrait'>\n\t\t\t\t<a href='https:\/\/tna.dz\/fr\/wp-content\/uploads\/2019\/08\/FTAM2005.jpg'><img width=\"219\" height=\"300\" src=\"https:\/\/tna.dz\/fr\/wp-content\/uploads\/2019\/08\/FTAM2005-219x300.jpg\" class=\"attachment-medium size-medium\" alt=\"\" decoding=\"async\" loading=\"lazy\" srcset=\"https:\/\/tna.dz\/fr\/wp-content\/uploads\/2019\/08\/FTAM2005-219x300.jpg 219w, https:\/\/tna.dz\/fr\/wp-content\/uploads\/2019\/08\/FTAM2005.jpg 500w\" sizes=\"(max-width: 219px) 100vw, 219px\" \/><\/a>\n\t\t\t<\/div><\/figure><figure class='gallery-item'>\n\t\t\t<div class='gallery-icon portrait'>\n\t\t\t\t<a href='https:\/\/tna.dz\/fr\/wp-content\/uploads\/2019\/08\/FTAM2010.jpg'><img width=\"219\" height=\"300\" src=\"https:\/\/tna.dz\/fr\/wp-content\/uploads\/2019\/08\/FTAM2010-219x300.jpg\" class=\"attachment-medium size-medium\" alt=\"\" decoding=\"async\" loading=\"lazy\" srcset=\"https:\/\/tna.dz\/fr\/wp-content\/uploads\/2019\/08\/FTAM2010-219x300.jpg 219w, https:\/\/tna.dz\/fr\/wp-content\/uploads\/2019\/08\/FTAM2010.jpg 500w\" sizes=\"(max-width: 219px) 100vw, 219px\" \/><\/a>\n\t\t\t<\/div><\/figure><figure class='gallery-item'>\n\t\t\t<div class='gallery-icon portrait'>\n\t\t\t\t<a href='https:\/\/tna.dz\/fr\/wp-content\/uploads\/2019\/08\/FTAM2012.jpg'><img width=\"219\" height=\"300\" src=\"https:\/\/tna.dz\/fr\/wp-content\/uploads\/2019\/08\/FTAM2012-219x300.jpg\" class=\"attachment-medium size-medium\" alt=\"\" decoding=\"async\" loading=\"lazy\" srcset=\"https:\/\/tna.dz\/fr\/wp-content\/uploads\/2019\/08\/FTAM2012-219x300.jpg 219w, https:\/\/tna.dz\/fr\/wp-content\/uploads\/2019\/08\/FTAM2012.jpg 500w\" sizes=\"(max-width: 219px) 100vw, 219px\" \/><\/a>\n\t\t\t<\/div><\/figure><figure class='gallery-item'>\n\t\t\t<div class='gallery-icon portrait'>\n\t\t\t\t<a href='https:\/\/tna.dz\/fr\/wp-content\/uploads\/2019\/08\/guelma-2013.jpg'><img width=\"219\" height=\"300\" src=\"https:\/\/tna.dz\/fr\/wp-content\/uploads\/2019\/08\/guelma-2013-219x300.jpg\" class=\"attachment-medium size-medium\" alt=\"\" decoding=\"async\" loading=\"lazy\" srcset=\"https:\/\/tna.dz\/fr\/wp-content\/uploads\/2019\/08\/guelma-2013-219x300.jpg 219w, https:\/\/tna.dz\/fr\/wp-content\/uploads\/2019\/08\/guelma-2013.jpg 500w\" sizes=\"(max-width: 219px) 100vw, 219px\" \/><\/a>\n\t\t\t<\/div><\/figure><figure class='gallery-item'>\n\t\t\t<div class='gallery-icon portrait'>\n\t\t\t\t<a href='https:\/\/tna.dz\/fr\/wp-content\/uploads\/2019\/08\/j-sud-2018.jpg'><img width=\"219\" height=\"300\" src=\"https:\/\/tna.dz\/fr\/wp-content\/uploads\/2019\/08\/j-sud-2018-219x300.jpg\" class=\"attachment-medium size-medium\" alt=\"\" decoding=\"async\" loading=\"lazy\" srcset=\"https:\/\/tna.dz\/fr\/wp-content\/uploads\/2019\/08\/j-sud-2018-219x300.jpg 219w, https:\/\/tna.dz\/fr\/wp-content\/uploads\/2019\/08\/j-sud-2018.jpg 500w\" sizes=\"(max-width: 219px) 100vw, 219px\" \/><\/a>\n\t\t\t<\/div><\/figure><figure class='gallery-item'>\n\t\t\t<div class='gallery-icon portrait'>\n\t\t\t\t<a href='https:\/\/tna.dz\/fr\/wp-content\/uploads\/2019\/08\/affiche-fntp2015.jpg'><img width=\"219\" height=\"300\" src=\"https:\/\/tna.dz\/fr\/wp-content\/uploads\/2019\/08\/affiche-fntp2015-219x300.jpg\" class=\"attachment-medium size-medium\" alt=\"\" decoding=\"async\" loading=\"lazy\" srcset=\"https:\/\/tna.dz\/fr\/wp-content\/uploads\/2019\/08\/affiche-fntp2015-219x300.jpg 219w, https:\/\/tna.dz\/fr\/wp-content\/uploads\/2019\/08\/affiche-fntp2015.jpg 500w\" sizes=\"(max-width: 219px) 100vw, 219px\" \/><\/a>\n\t\t\t<\/div><\/figure><figure class='gallery-item'>\n\t\t\t<div class='gallery-icon portrait'>\n\t\t\t\t<a href='https:\/\/tna.dz\/fr\/wp-content\/uploads\/2019\/08\/affiche-sude-2015.jpg'><img width=\"219\" height=\"300\" src=\"https:\/\/tna.dz\/fr\/wp-content\/uploads\/2019\/08\/affiche-sude-2015-219x300.jpg\" class=\"attachment-medium size-medium\" alt=\"\" decoding=\"async\" loading=\"lazy\" srcset=\"https:\/\/tna.dz\/fr\/wp-content\/uploads\/2019\/08\/affiche-sude-2015-219x300.jpg 219w, https:\/\/tna.dz\/fr\/wp-content\/uploads\/2019\/08\/affiche-sude-2015.jpg 500w\" sizes=\"(max-width: 219px) 100vw, 219px\" \/><\/a>\n\t\t\t<\/div><\/figure><figure class='gallery-item'>\n\t\t\t<div class='gallery-icon portrait'>\n\t\t\t\t<a href='https:\/\/tna.dz\/fr\/wp-content\/uploads\/2019\/08\/FNTH-2006.jpg'><img width=\"219\" height=\"300\" src=\"https:\/\/tna.dz\/fr\/wp-content\/uploads\/2019\/08\/FNTH-2006-219x300.jpg\" class=\"attachment-medium size-medium\" alt=\"\" decoding=\"async\" loading=\"lazy\" srcset=\"https:\/\/tna.dz\/fr\/wp-content\/uploads\/2019\/08\/FNTH-2006-219x300.jpg 219w, https:\/\/tna.dz\/fr\/wp-content\/uploads\/2019\/08\/FNTH-2006.jpg 500w\" sizes=\"(max-width: 219px) 100vw, 219px\" \/><\/a>\n\t\t\t<\/div><\/figure><figure class='gallery-item'>\n\t\t\t<div class='gallery-icon portrait'>\n\t\t\t\t<a href='https:\/\/tna.dz\/fr\/wp-content\/uploads\/2019\/08\/FNTP-2006.jpg'><img width=\"219\" height=\"300\" src=\"https:\/\/tna.dz\/fr\/wp-content\/uploads\/2019\/08\/FNTP-2006-219x300.jpg\" class=\"attachment-medium size-medium\" alt=\"\" decoding=\"async\" loading=\"lazy\" srcset=\"https:\/\/tna.dz\/fr\/wp-content\/uploads\/2019\/08\/FNTP-2006-219x300.jpg 219w, https:\/\/tna.dz\/fr\/wp-content\/uploads\/2019\/08\/FNTP-2006.jpg 500w\" sizes=\"(max-width: 219px) 100vw, 219px\" \/><\/a>\n\t\t\t<\/div><\/figure><figure class='gallery-item'>\n\t\t\t<div class='gallery-icon portrait'>\n\t\t\t\t<a href='https:\/\/tna.dz\/fr\/wp-content\/uploads\/2019\/08\/fntp-2012.jpg'><img width=\"219\" height=\"300\" src=\"https:\/\/tna.dz\/fr\/wp-content\/uploads\/2019\/08\/fntp-2012-219x300.jpg\" class=\"attachment-medium size-medium\" alt=\"\" decoding=\"async\" loading=\"lazy\" srcset=\"https:\/\/tna.dz\/fr\/wp-content\/uploads\/2019\/08\/fntp-2012-219x300.jpg 219w, https:\/\/tna.dz\/fr\/wp-content\/uploads\/2019\/08\/fntp-2012.jpg 500w\" sizes=\"(max-width: 219px) 100vw, 219px\" \/><\/a>\n\t\t\t<\/div><\/figure><figure class='gallery-item'>\n\t\t\t<div class='gallery-icon portrait'>\n\t\t\t\t<a href='https:\/\/tna.dz\/fr\/wp-content\/uploads\/2019\/08\/FNTP-2014.jpg'><img width=\"219\" height=\"300\" src=\"https:\/\/tna.dz\/fr\/wp-content\/uploads\/2019\/08\/FNTP-2014-219x300.jpg\" class=\"attachment-medium size-medium\" alt=\"\" decoding=\"async\" loading=\"lazy\" srcset=\"https:\/\/tna.dz\/fr\/wp-content\/uploads\/2019\/08\/FNTP-2014-219x300.jpg 219w, https:\/\/tna.dz\/fr\/wp-content\/uploads\/2019\/08\/FNTP-2014.jpg 500w\" sizes=\"(max-width: 219px) 100vw, 219px\" \/><\/a>\n\t\t\t<\/div><\/figure><figure class='gallery-item'>\n\t\t\t<div class='gallery-icon portrait'>\n\t\t\t\t<a href='https:\/\/tna.dz\/fr\/wp-content\/uploads\/2019\/08\/fntp-2016.jpg'><img width=\"219\" height=\"300\" src=\"https:\/\/tna.dz\/fr\/wp-content\/uploads\/2019\/08\/fntp-2016-219x300.jpg\" class=\"attachment-medium size-medium\" alt=\"\" decoding=\"async\" loading=\"lazy\" srcset=\"https:\/\/tna.dz\/fr\/wp-content\/uploads\/2019\/08\/fntp-2016-219x300.jpg 219w, https:\/\/tna.dz\/fr\/wp-content\/uploads\/2019\/08\/fntp-2016.jpg 500w\" sizes=\"(max-width: 219px) 100vw, 219px\" \/><\/a>\n\t\t\t<\/div><\/figure><figure class='gallery-item'>\n\t\t\t<div class='gallery-icon portrait'>\n\t\t\t\t<a href='https:\/\/tna.dz\/fr\/wp-content\/uploads\/2019\/08\/FNTP2011-1.jpg'><img width=\"219\" height=\"300\" src=\"https:\/\/tna.dz\/fr\/wp-content\/uploads\/2019\/08\/FNTP2011-1-219x300.jpg\" class=\"attachment-medium size-medium\" alt=\"\" decoding=\"async\" loading=\"lazy\" srcset=\"https:\/\/tna.dz\/fr\/wp-content\/uploads\/2019\/08\/FNTP2011-1-219x300.jpg 219w, https:\/\/tna.dz\/fr\/wp-content\/uploads\/2019\/08\/FNTP2011-1.jpg 500w\" sizes=\"(max-width: 219px) 100vw, 219px\" \/><\/a>\n\t\t\t<\/div><\/figure><figure class='gallery-item'>\n\t\t\t<div class='gallery-icon portrait'>\n\t\t\t\t<a href='https:\/\/tna.dz\/fr\/wp-content\/uploads\/2019\/08\/fntp2015.jpg'><img width=\"219\" height=\"300\" src=\"https:\/\/tna.dz\/fr\/wp-content\/uploads\/2019\/08\/fntp2015-219x300.jpg\" class=\"attachment-medium size-medium\" alt=\"\" decoding=\"async\" loading=\"lazy\" srcset=\"https:\/\/tna.dz\/fr\/wp-content\/uploads\/2019\/08\/fntp2015-219x300.jpg 219w, https:\/\/tna.dz\/fr\/wp-content\/uploads\/2019\/08\/fntp2015.jpg 500w\" sizes=\"(max-width: 219px) 100vw, 219px\" \/><\/a>\n\t\t\t<\/div><\/figure><figure class='gallery-item'>\n\t\t\t<div class='gallery-icon portrait'>\n\t\t\t\t<a href='https:\/\/tna.dz\/fr\/wp-content\/uploads\/2019\/08\/fntp2017.jpg'><img width=\"219\" height=\"300\" src=\"https:\/\/tna.dz\/fr\/wp-content\/uploads\/2019\/08\/fntp2017-219x300.jpg\" class=\"attachment-medium size-medium\" alt=\"\" decoding=\"async\" loading=\"lazy\" srcset=\"https:\/\/tna.dz\/fr\/wp-content\/uploads\/2019\/08\/fntp2017-219x300.jpg 219w, https:\/\/tna.dz\/fr\/wp-content\/uploads\/2019\/08\/fntp2017.jpg 500w\" sizes=\"(max-width: 219px) 100vw, 219px\" \/><\/a>\n\t\t\t<\/div><\/figure><figure class='gallery-item'>\n\t\t\t<div class='gallery-icon portrait'>\n\t\t\t\t<a href='https:\/\/tna.dz\/fr\/wp-content\/uploads\/2019\/08\/fntp-2017.jpg'><img width=\"219\" height=\"300\" src=\"https:\/\/tna.dz\/fr\/wp-content\/uploads\/2019\/08\/fntp-2017-219x300.jpg\" class=\"attachment-medium size-medium\" alt=\"\" decoding=\"async\" loading=\"lazy\" srcset=\"https:\/\/tna.dz\/fr\/wp-content\/uploads\/2019\/08\/fntp-2017-219x300.jpg 219w, https:\/\/tna.dz\/fr\/wp-content\/uploads\/2019\/08\/fntp-2017.jpg 500w\" sizes=\"(max-width: 219px) 100vw, 219px\" \/><\/a>\n\t\t\t<\/div><\/figure><figure class='gallery-item'>\n\t\t\t<div class='gallery-icon portrait'>\n\t\t\t\t<a href='https:\/\/tna.dz\/fr\/wp-content\/uploads\/2019\/08\/FNTP-2018.jpg'><img width=\"219\" height=\"300\" src=\"https:\/\/tna.dz\/fr\/wp-content\/uploads\/2019\/08\/FNTP-2018-219x300.jpg\" class=\"attachment-medium size-medium\" alt=\"\" decoding=\"async\" loading=\"lazy\" srcset=\"https:\/\/tna.dz\/fr\/wp-content\/uploads\/2019\/08\/FNTP-2018-219x300.jpg 219w, https:\/\/tna.dz\/fr\/wp-content\/uploads\/2019\/08\/FNTP-2018.jpg 500w\" sizes=\"(max-width: 219px) 100vw, 219px\" \/><\/a>\n\t\t\t<\/div><\/figure>\n\t\t<\/div>\n\n","protected":false},"excerpt":{"rendered":"<p>Les festivit\u00e9s du th\u00e9\u00e2tre alg\u00e9riennes Le th\u00e9\u00e2tre alg\u00e9rien s&rsquo;est beaucoup \u00e9largit et la sc\u00e8ne th\u00e9\u00e2trale ne cesse de s&rsquo;enrichir gr\u00e2ce \u00e0 l&rsquo;intensit\u00e9 des spectacles et la diversification de l&rsquo;activit\u00e9 th\u00e9\u00e2trale, l&rsquo;officialisation de la loi organisant les festivit\u00e9s culturelles a permit \u00e0 son tour l&rsquo;officialisation de 64 festivals de th\u00e9\u00e2tre dans les diff\u00e9rents coins de L\u2019Alg\u00e9rie. &hellip;<\/p>\n","protected":false},"author":1,"featured_media":0,"parent":0,"menu_order":0,"comment_status":"closed","ping_status":"closed","template":"template-blog.php","meta":{"footnotes":""},"yoast_head":"<!-- This site is optimized with the Yoast SEO plugin v21.2 - https:\/\/yoast.com\/wordpress\/plugins\/seo\/ -->\n<title>Les festivals - Th\u00e9\u00e2tre national alg\u00e9rien<\/title>\n<meta name=\"description\" content=\"Les festivit\u00e9s du th\u00e9\u00e2tre alg\u00e9riennes Le th\u00e9\u00e2tre alg\u00e9rien s&#039;est beaucoup \u00e9largit et la sc\u00e8ne th\u00e9\u00e2trale ne cesse de s&#039;enrichir gr\u00e2ce \u00e0 l&#039;intensit\u00e9 des\" \/>\n<meta name=\"robots\" content=\"index, follow, max-snippet:-1, max-image-preview:large, max-video-preview:-1\" \/>\n<link rel=\"canonical\" href=\"https:\/\/tna.dz\/fr\/les-festivals\/\" \/>\n<meta property=\"og:locale\" content=\"fr_FR\" \/>\n<meta property=\"og:type\" content=\"article\" \/>\n<meta property=\"og:title\" content=\"Les festivals - Th\u00e9\u00e2tre national alg\u00e9rien\" \/>\n<meta property=\"og:description\" content=\"Les festivit\u00e9s du th\u00e9\u00e2tre alg\u00e9riennes Le th\u00e9\u00e2tre alg\u00e9rien s&#039;est beaucoup \u00e9largit et la sc\u00e8ne th\u00e9\u00e2trale ne cesse de s&#039;enrichir gr\u00e2ce \u00e0 l&#039;intensit\u00e9 des\" \/>\n<meta property=\"og:url\" content=\"https:\/\/tna.dz\/fr\/les-festivals\/\" \/>\n<meta property=\"og:site_name\" content=\"Th\u00e9\u00e2tre national alg\u00e9rien\" \/>\n<meta property=\"article:modified_time\" content=\"2019-10-07T17:56:55+00:00\" \/>\n<meta property=\"og:image\" content=\"https:\/\/tna.dz\/fr\/wp-content\/uploads\/2019\/08\/FTAM2005-219x300.jpg\" \/>\n<meta name=\"twitter:card\" content=\"summary_large_image\" \/>\n<meta name=\"twitter:label1\" content=\"Dur\u00e9e de lecture estim\u00e9e\" \/>\n\t<meta name=\"twitter:data1\" content=\"5 minutes\" \/>\n<script type=\"application\/ld+json\" class=\"yoast-schema-graph\">{\"@context\":\"https:\/\/schema.org\",\"@graph\":[{\"@type\":\"WebPage\",\"@id\":\"https:\/\/tna.dz\/fr\/les-festivals\/\",\"url\":\"https:\/\/tna.dz\/fr\/les-festivals\/\",\"name\":\"Les festivals - Th\u00e9\u00e2tre national alg\u00e9rien\",\"isPartOf\":{\"@id\":\"https:\/\/tna.dz\/fr\/#website\"},\"datePublished\":\"2019-03-21T16:36:47+00:00\",\"dateModified\":\"2019-10-07T17:56:55+00:00\",\"description\":\"Les festivit\u00e9s du th\u00e9\u00e2tre alg\u00e9riennes Le th\u00e9\u00e2tre alg\u00e9rien s'est beaucoup \u00e9largit et la sc\u00e8ne th\u00e9\u00e2trale ne cesse de s'enrichir gr\u00e2ce \u00e0 l'intensit\u00e9 des\",\"breadcrumb\":{\"@id\":\"https:\/\/tna.dz\/fr\/les-festivals\/#breadcrumb\"},\"inLanguage\":\"fr-FR\",\"potentialAction\":[{\"@type\":\"ReadAction\",\"target\":[\"https:\/\/tna.dz\/fr\/les-festivals\/\"]}]},{\"@type\":\"BreadcrumbList\",\"@id\":\"https:\/\/tna.dz\/fr\/les-festivals\/#breadcrumb\",\"itemListElement\":[{\"@type\":\"ListItem\",\"position\":1,\"name\":\"Accueil\",\"item\":\"https:\/\/tna.dz\/fr\/\"},{\"@type\":\"ListItem\",\"position\":2,\"name\":\"Les festivals\"}]},{\"@type\":\"WebSite\",\"@id\":\"https:\/\/tna.dz\/fr\/#website\",\"url\":\"https:\/\/tna.dz\/fr\/\",\"name\":\"Th\u00e9\u00e2tre national alg\u00e9rien\",\"description\":\"Th\u00e9\u00e2tre national alg\u00e9rien Mahieddine Bachtarzi\",\"publisher\":{\"@id\":\"https:\/\/tna.dz\/fr\/#organization\"},\"potentialAction\":[{\"@type\":\"SearchAction\",\"target\":{\"@type\":\"EntryPoint\",\"urlTemplate\":\"https:\/\/tna.dz\/fr\/?s={search_term_string}\"},\"query-input\":\"required name=search_term_string\"}],\"inLanguage\":\"fr-FR\"},{\"@type\":\"Organization\",\"@id\":\"https:\/\/tna.dz\/fr\/#organization\",\"name\":\"Le Th\u00e9\u00e2tre national alg\u00e9rien\",\"url\":\"https:\/\/tna.dz\/fr\/\",\"logo\":{\"@type\":\"ImageObject\",\"inLanguage\":\"fr-FR\",\"@id\":\"https:\/\/tna.dz\/fr\/#\/schema\/logo\/image\/\",\"url\":\"https:\/\/www.tna.dz\/fr\/wp-content\/uploads\/2019\/11\/repertoire-tna-2018-2-1.png\",\"contentUrl\":\"https:\/\/www.tna.dz\/fr\/wp-content\/uploads\/2019\/11\/repertoire-tna-2018-2-1.png\",\"width\":200,\"height\":84,\"caption\":\"Le Th\u00e9\u00e2tre national alg\u00e9rien\"},\"image\":{\"@id\":\"https:\/\/tna.dz\/fr\/#\/schema\/logo\/image\/\"}}]}<\/script>\n<!-- \/ Yoast SEO plugin. -->","yoast_head_json":{"title":"Les festivals - Th\u00e9\u00e2tre national alg\u00e9rien","description":"Les festivit\u00e9s du th\u00e9\u00e2tre alg\u00e9riennes Le th\u00e9\u00e2tre alg\u00e9rien s'est beaucoup \u00e9largit et la sc\u00e8ne th\u00e9\u00e2trale ne cesse de s'enrichir gr\u00e2ce \u00e0 l'intensit\u00e9 des","robots":{"index":"index","follow":"follow","max-snippet":"max-snippet:-1","max-image-preview":"max-image-preview:large","max-video-preview":"max-video-preview:-1"},"canonical":"https:\/\/tna.dz\/fr\/les-festivals\/","og_locale":"fr_FR","og_type":"article","og_title":"Les festivals - Th\u00e9\u00e2tre national alg\u00e9rien","og_description":"Les festivit\u00e9s du th\u00e9\u00e2tre alg\u00e9riennes Le th\u00e9\u00e2tre alg\u00e9rien s'est beaucoup \u00e9largit et la sc\u00e8ne th\u00e9\u00e2trale ne cesse de s'enrichir gr\u00e2ce \u00e0 l'intensit\u00e9 des","og_url":"https:\/\/tna.dz\/fr\/les-festivals\/","og_site_name":"Th\u00e9\u00e2tre national alg\u00e9rien","article_modified_time":"2019-10-07T17:56:55+00:00","og_image":[{"url":"https:\/\/tna.dz\/fr\/wp-content\/uploads\/2019\/08\/FTAM2005-219x300.jpg"}],"twitter_card":"summary_large_image","twitter_misc":{"Dur\u00e9e de lecture estim\u00e9e":"5 minutes"},"schema":{"@context":"https:\/\/schema.org","@graph":[{"@type":"WebPage","@id":"https:\/\/tna.dz\/fr\/les-festivals\/","url":"https:\/\/tna.dz\/fr\/les-festivals\/","name":"Les festivals - Th\u00e9\u00e2tre national alg\u00e9rien","isPartOf":{"@id":"https:\/\/tna.dz\/fr\/#website"},"datePublished":"2019-03-21T16:36:47+00:00","dateModified":"2019-10-07T17:56:55+00:00","description":"Les festivit\u00e9s du th\u00e9\u00e2tre alg\u00e9riennes Le th\u00e9\u00e2tre alg\u00e9rien s'est beaucoup \u00e9largit et la sc\u00e8ne th\u00e9\u00e2trale ne cesse de s'enrichir gr\u00e2ce \u00e0 l'intensit\u00e9 des","breadcrumb":{"@id":"https:\/\/tna.dz\/fr\/les-festivals\/#breadcrumb"},"inLanguage":"fr-FR","potentialAction":[{"@type":"ReadAction","target":["https:\/\/tna.dz\/fr\/les-festivals\/"]}]},{"@type":"BreadcrumbList","@id":"https:\/\/tna.dz\/fr\/les-festivals\/#breadcrumb","itemListElement":[{"@type":"ListItem","position":1,"name":"Accueil","item":"https:\/\/tna.dz\/fr\/"},{"@type":"ListItem","position":2,"name":"Les festivals"}]},{"@type":"WebSite","@id":"https:\/\/tna.dz\/fr\/#website","url":"https:\/\/tna.dz\/fr\/","name":"Th\u00e9\u00e2tre national alg\u00e9rien","description":"Th\u00e9\u00e2tre national alg\u00e9rien Mahieddine Bachtarzi","publisher":{"@id":"https:\/\/tna.dz\/fr\/#organization"},"potentialAction":[{"@type":"SearchAction","target":{"@type":"EntryPoint","urlTemplate":"https:\/\/tna.dz\/fr\/?s={search_term_string}"},"query-input":"required name=search_term_string"}],"inLanguage":"fr-FR"},{"@type":"Organization","@id":"https:\/\/tna.dz\/fr\/#organization","name":"Le Th\u00e9\u00e2tre national alg\u00e9rien","url":"https:\/\/tna.dz\/fr\/","logo":{"@type":"ImageObject","inLanguage":"fr-FR","@id":"https:\/\/tna.dz\/fr\/#\/schema\/logo\/image\/","url":"https:\/\/www.tna.dz\/fr\/wp-content\/uploads\/2019\/11\/repertoire-tna-2018-2-1.png","contentUrl":"https:\/\/www.tna.dz\/fr\/wp-content\/uploads\/2019\/11\/repertoire-tna-2018-2-1.png","width":200,"height":84,"caption":"Le Th\u00e9\u00e2tre national alg\u00e9rien"},"image":{"@id":"https:\/\/tna.dz\/fr\/#\/schema\/logo\/image\/"}}]}},"_links":{"self":[{"href":"https:\/\/tna.dz\/fr\/wp-json\/wp\/v2\/pages\/755"}],"collection":[{"href":"https:\/\/tna.dz\/fr\/wp-json\/wp\/v2\/pages"}],"about":[{"href":"https:\/\/tna.dz\/fr\/wp-json\/wp\/v2\/types\/page"}],"author":[{"embeddable":true,"href":"https:\/\/tna.dz\/fr\/wp-json\/wp\/v2\/users\/1"}],"replies":[{"embeddable":true,"href":"https:\/\/tna.dz\/fr\/wp-json\/wp\/v2\/comments?post=755"}],"version-history":[{"count":0,"href":"https:\/\/tna.dz\/fr\/wp-json\/wp\/v2\/pages\/755\/revisions"}],"wp:attachment":[{"href":"https:\/\/tna.dz\/fr\/wp-json\/wp\/v2\/media?parent=755"}],"curies":[{"name":"wp","href":"https:\/\/api.w.org\/{rel}","templated":true}]}}